{"id":1190,"date":"2015-12-04T02:08:42","date_gmt":"2015-12-04T02:08:42","guid":{"rendered":"http:\/\/theme-fusion.com\/avada\/construction\/?page_id=9"},"modified":"2021-09-21T14:20:10","modified_gmt":"2021-09-21T12:20:10","slug":"leistungen","status":"publish","type":"page","link":"https:\/\/holzbau-vock.de\/index.php\/leistungen\/","title":{"rendered":"Leistungen"},"content":{"rendered":"<p><div class=\"fusion-fullwidth fullwidth-box fusion-builder-row-1 nonhundred-percent-fullwidth non-hundred-percent-height-scrolling\" style=\"--awb-background-position:left top;--awb-border-radius-top-left:0px;--awb-border-radius-top-right:0px;--awb-border-radius-bottom-right:0px;--awb-border-radius-bottom-left:0px;--awb-padding-top:50px;--awb-padding-bottom:50px;--awb-background-color:#00285e;--awb-border-sizes-top:0px;--awb-border-sizes-bottom:0px;\" ><div class=\"fusion-builder-row fusion-row\"><div class=\"fusion-layout-column fusion_builder_column fusion-builder-column-0 fusion_builder_column_1_1 1_1 fusion-one-full fusion-column-first fusion-column-last\" style=\"--awb-bg-size:cover;\"><div class=\"fusion-column-wrapper fusion-flex-column-wrapper-legacy\"><div class=\"fusion-text fusion-text-1\"><h2 style=\"font-weight: 300; text-align: center;\"><span style=\"color: #ffffff;\">Verwirklichen Sie Ihre W\u00fcnsche mit einem kompetenten Partner<\/span><\/h2>\n<\/div><div class=\"fusion-clearfix\"><\/div><\/div><\/div><\/div><\/div><div class=\"fusion-fullwidth fullwidth-box fusion-builder-row-2 nonhundred-percent-fullwidth non-hundred-percent-height-scrolling\" style=\"--awb-background-position:left top;--awb-border-radius-top-left:0px;--awb-border-radius-top-right:0px;--awb-border-radius-bottom-right:0px;--awb-border-radius-bottom-left:0px;--awb-padding-top:0px;--awb-padding-bottom:20px;--awb-background-color:#ffffff;--awb-border-sizes-top:0px;--awb-border-sizes-bottom:0px;\" ><div class=\"fusion-builder-row fusion-row\"><div class=\"fusion-layout-column fusion_builder_column fusion-builder-column-1 fusion_builder_column_1_1 1_1 fusion-one-full fusion-column-first fusion-column-last\" style=\"--awb-bg-size:cover;--awb-margin-top:-22px;\"><div class=\"fusion-column-wrapper fusion-flex-column-wrapper-legacy\"><div class=\"fusion-aligncenter\"><a class=\"fusion-button button-flat fusion-button-default-size button-custom fusion-button-default button-1 fusion-button-default-span fusion-button-default-type\" style=\"--button_accent_color:#ffffff;--button_border_color:#ffffff;--button_accent_hover_color:#333333;--button_border_hover_color:#333333;--button_border_width-top:2px;--button_border_width-right:2px;--button_border_width-bottom:2px;--button_border_width-left:2px;--button_gradient_top_color:#333333;--button_gradient_bottom_color:#333333;--button_gradient_top_color_hover:#ffffff;--button_gradient_bottom_color_hover:#ffffff;\" target=\"_self\" href=\"https:\/\/holzbau-vock.de\/index.php\/angebot\/\"><span class=\"fusion-button-text\">ANGEBOT ANFORDERN<\/span><\/a><\/div><div class=\"fusion-clearfix\"><\/div><\/div><\/div><\/div><\/div><div class=\"fusion-fullwidth fullwidth-box fusion-builder-row-3 nonhundred-percent-fullwidth non-hundred-percent-height-scrolling\" style=\"--awb-background-position:left top;--awb-border-radius-top-left:0px;--awb-border-radius-top-right:0px;--awb-border-radius-bottom-right:0px;--awb-border-radius-bottom-left:0px;--awb-padding-top:3%;--awb-padding-bottom:2%;--awb-background-color:#ffffff;--awb-border-sizes-top:0px;--awb-border-sizes-bottom:0px;\" ><div class=\"fusion-builder-row fusion-row\"><div class=\"fusion-layout-column fusion_builder_column fusion-builder-column-2 fusion_builder_column_1_1 1_1 fusion-one-full fusion-column-first fusion-column-last\" style=\"--awb-bg-size:cover;--awb-margin-top:50px;--awb-margin-bottom:25px;\"><div class=\"fusion-column-wrapper fusion-flex-column-wrapper-legacy\"><div class=\"fusion-tabs fusion-tabs-1 clean vertical-tabs icon-position-left mobile-mode-accordion\" style=\"--awb-title-border-radius-top-left:0px;--awb-title-border-radius-top-right:0px;--awb-title-border-radius-bottom-right:0px;--awb-title-border-radius-bottom-left:0px;--awb-inactive-color:#f5f5f5;--awb-background-color:#deb887;--awb-border-color:rgba(245,245,245,0);--awb-active-border-color:#deb887;\"><div class=\"nav\"><ul class=\"nav-tabs\" role=\"tablist\"><li class=\"active\" role=\"presentation\"><a class=\"tab-link\" data-toggle=\"tab\" role=\"tab\" aria-controls=\"tab-5f19d112ec7281e3739\" aria-selected=\"true\" id=\"fusion-tab-zimmerei\" href=\"#tab-5f19d112ec7281e3739\"><h4 class=\"fusion-tab-heading\">Zimmerei<\/h4><\/a><\/li><li role=\"presentation\"><a class=\"tab-link\" data-toggle=\"tab\" role=\"tab\" aria-controls=\"tab-6dc7894b795c3821783\" aria-selected=\"false\" tabindex=\"-1\" id=\"fusion-tab-holzrahmenbau\" href=\"#tab-6dc7894b795c3821783\"><h4 class=\"fusion-tab-heading\">Holzrahmenbau<\/h4><\/a><\/li><li role=\"presentation\"><a class=\"tab-link\" data-toggle=\"tab\" role=\"tab\" aria-controls=\"tab-fe0e47bbbeec4990652\" aria-selected=\"false\" tabindex=\"-1\" id=\"fusion-tab-dachdeckung\" href=\"#tab-fe0e47bbbeec4990652\"><h4 class=\"fusion-tab-heading\">Dachdeckung<\/h4><\/a><\/li><li role=\"presentation\"><a class=\"tab-link\" data-toggle=\"tab\" role=\"tab\" aria-controls=\"tab-935b93fd88759fb2486\" aria-selected=\"false\" tabindex=\"-1\" id=\"fusion-tab-d\u00e4mmung\" href=\"#tab-935b93fd88759fb2486\"><h4 class=\"fusion-tab-heading\">D\u00e4mmung<\/h4><\/a><\/li><li role=\"presentation\"><a class=\"tab-link\" data-toggle=\"tab\" role=\"tab\" aria-controls=\"tab-29b61e6a4d235fb26c5\" aria-selected=\"false\" tabindex=\"-1\" id=\"fusion-tab-dachfenster\" href=\"#tab-29b61e6a4d235fb26c5\"><h4 class=\"fusion-tab-heading\">Dachfenster<\/h4><\/a><\/li><li role=\"presentation\"><a class=\"tab-link\" data-toggle=\"tab\" role=\"tab\" aria-controls=\"tab-ac149ccac98ce6ea29a\" aria-selected=\"false\" tabindex=\"-1\" id=\"fusion-tab-spenglerei\" href=\"#tab-ac149ccac98ce6ea29a\"><h4 class=\"fusion-tab-heading\">Spenglerei<\/h4><\/a><\/li><li role=\"presentation\"><a class=\"tab-link\" data-toggle=\"tab\" role=\"tab\" aria-controls=\"tab-8c51c0b49d938153ab9\" aria-selected=\"false\" tabindex=\"-1\" id=\"fusion-tab-bauservice\" href=\"#tab-8c51c0b49d938153ab9\"><h4 class=\"fusion-tab-heading\">Bauservice<\/h4><\/a><\/li><li role=\"presentation\"><a class=\"tab-link\" data-toggle=\"tab\" role=\"tab\" aria-controls=\"tab-ae73e01fff8da9cc4fc\" aria-selected=\"false\" tabindex=\"-1\" id=\"fusion-tab-planung\" href=\"#tab-ae73e01fff8da9cc4fc\"><h4 class=\"fusion-tab-heading\">Planung<\/h4><\/a><\/li><\/ul><\/div><div class=\"tab-content\"><div class=\"nav fusion-mobile-tab-nav\"><ul class=\"nav-tabs\" role=\"tablist\"><li class=\"active\" role=\"presentation\"><a class=\"tab-link\" data-toggle=\"tab\" role=\"tab\" aria-controls=\"tab-5f19d112ec7281e3739\" aria-selected=\"true\" id=\"mobile-fusion-tab-zimmerei\" href=\"#tab-5f19d112ec7281e3739\"><h4 class=\"fusion-tab-heading\">Zimmerei<\/h4><\/a><\/li><\/ul><\/div><div class=\"tab-pane fade fusion-clearfix in active\" role=\"tabpanel\" tabindex=\"0\" aria-labelledby=\"fusion-tab-zimmerei\" id=\"tab-5f19d112ec7281e3739\">\n<h2 style=\"font-weight: 300; margin-top: -20px;\">Zimmer- und Holzarbeiten<\/h2>\n<p><img decoding=\"async\" class=\"wp-image-2099 alignright\" src=\"https:\/\/holzbau-vock.de\/wp-content\/uploads\/2020\/07\/Zimmerarbeiten-5-150x150.jpg\" alt=\"Holzbau Vock Zimmermann Zimmerei Dachkomplettl\u00f6sung Heppenheim Bergstra\u00dfe\" width=\"350\" height=\"233\" srcset=\"https:\/\/holzbau-vock.de\/wp-content\/uploads\/2020\/07\/Zimmerarbeiten-5-200x133.jpg 200w, https:\/\/holzbau-vock.de\/wp-content\/uploads\/2020\/07\/Zimmerarbeiten-5-300x200.jpg 300w, https:\/\/holzbau-vock.de\/wp-content\/uploads\/2020\/07\/Zimmerarbeiten-5-400x267.jpg 400w, https:\/\/holzbau-vock.de\/wp-content\/uploads\/2020\/07\/Zimmerarbeiten-5-600x400.jpg 600w, https:\/\/holzbau-vock.de\/wp-content\/uploads\/2020\/07\/Zimmerarbeiten-5-768x512.jpg 768w, https:\/\/holzbau-vock.de\/wp-content\/uploads\/2020\/07\/Zimmerarbeiten-5-800x533.jpg 800w, https:\/\/holzbau-vock.de\/wp-content\/uploads\/2020\/07\/Zimmerarbeiten-5-1024x683.jpg 1024w, https:\/\/holzbau-vock.de\/wp-content\/uploads\/2020\/07\/Zimmerarbeiten-5-1536x1024.jpg 1536w, https:\/\/holzbau-vock.de\/wp-content\/uploads\/2020\/07\/Zimmerarbeiten-5-scaled.jpg 2560w\" sizes=\"(max-width: 350px) 100vw, 350px\" \/><\/p>\n<p>Ihrem Zuhause fehlt noch das Dach? Sie m\u00f6chten Ihre Wohnung erweitern? Oder tr\u00e4umen von einem Balkon aus Holz? Wir f\u00fchren s\u00e4mtliche Zimmer- und Holzarbeiten f\u00fcr Sie aus: von komplexen Dachkonstruktionen, Gauben und Aufstockungen in Holzrahmenbauweise, \u00fcber Carports, Balkone und Winterg\u00e4rten bis hin zu Holzfassaden. Selbst die Sanierung von Fachwerkh\u00e4usern und der Gewerbebau z\u00e4hlen zu unserem Angebot.<\/p>\n\n<p>Unser Leistungsspektrum umfasst unter anderem&#8230;<\/p>\n\n<div class=\"table-1\">\n<table width=\"100%\">\n<thead>\n<tr>\n<th align=\"left\">\n<ul>\n<li>Dachkomplettl\u00f6sung<\/li>\n<li>Aufstockungen<\/li>\n<li>Gauben<\/li>\n<li>Holzrahmenbau<\/li>\n<li>Carports<\/li>\n<\/ul>\n<\/th>\n<th align=\"left\">\n<ul>\n<li>Balkone<\/li>\n<li>Winterg\u00e4rten<\/li>\n<li>Holzfassaden<\/li>\n<li>Gewerbebau<\/li>\n<li>Fachwerksanierung<\/li>\n<\/ul>\n<\/th>\n<\/tr>\n<\/thead>\n<\/table>\n<\/div>\n\n<p>&#8230;und vieles mehr. <span style=\"color: #00285e;\"><a style=\"color: #00285e;\" href=\"https:\/\/holzbau-vock.de\/index.php\/angebot\/\"><u>Lassen Sie sich von uns beraten!<\/u><\/a><\/span><\/p>\n<h3><div class=\"fusion-sep-clear\"><\/div><div class=\"fusion-separator fusion-full-width-sep\" style=\"margin-left: auto;margin-right: auto;width:100%;\"><div class=\"fusion-separator-border sep-single\" style=\"border-color:#eae8e8;border-top-width:2px;\"><\/div><\/div><div class=\"fusion-sep-clear\"><\/div><\/h3>\n<h3>Vom Einfamilienhaus bis zur Fertigungshalle &#8211; Ihr Dach in besten H\u00e4nden!<\/h3>\n<div class=\"awb-gallery-wrapper awb-gallery-wrapper-1 button-span-no\"><div style=\"margin:-5px;--awb-bordersize:0px;\" class=\"fusion-gallery fusion-gallery-container fusion-grid-4 fusion-columns-total-12 fusion-gallery-layout-grid fusion-gallery-1\"><div style=\"padding:5px;\" class=\"fusion-grid-column fusion-gallery-column fusion-gallery-column-4 hover-type-none\"><div class=\"fusion-gallery-image\"><a href=\"https:\/\/holzbau-vock.de\/wp-content\/uploads\/2020\/07\/Zimmerarbeiten-10-scaled.jpg\" rel=\"noreferrer\" data-rel=\"iLightbox[gallery_image_1]\" class=\"fusion-lightbox\" target=\"_self\"><img decoding=\"async\" src=\"https:\/\/holzbau-vock.de\/wp-content\/uploads\/2020\/07\/Zimmerarbeiten-10-320x202.jpg\" width=\"320\" height=\"202\" alt=\"Holzbau Vock Zimmermann Zimmerei Dachkomplettl\u00f6sung Heppenheim Bergstra\u00dfe\" title=\"Holzbau Vock Zimmermann Zimmerei Dachkomplettl\u00f6sung Heppenheim Bergstra\u00dfe\" aria-label=\"Holzbau Vock Zimmermann Zimmerei Dachkomplettl\u00f6sung Heppenheim Bergstra\u00dfe\" class=\"img-responsive wp-image-2109 fusion-gallery-image-size-fixed\" srcset=\"https:\/\/holzbau-vock.de\/wp-content\/uploads\/2020\/07\/Zimmerarbeiten-10-320x202.jpg 320w, https:\/\/holzbau-vock.de\/wp-content\/uploads\/2020\/07\/Zimmerarbeiten-10-700x441.jpg 700w\" sizes=\"(max-width: 320px) 100vw, 320px\" \/><\/a><\/div><\/div><div style=\"padding:5px;\" class=\"fusion-grid-column fusion-gallery-column fusion-gallery-column-4 hover-type-none\"><div class=\"fusion-gallery-image\"><a href=\"https:\/\/holzbau-vock.de\/wp-content\/uploads\/2020\/07\/Zimmerarbeiten-7-scaled.jpg\" rel=\"noreferrer\" data-rel=\"iLightbox[gallery_image_1]\" class=\"fusion-lightbox\" target=\"_self\"><img decoding=\"async\" src=\"https:\/\/holzbau-vock.de\/wp-content\/uploads\/2020\/07\/Zimmerarbeiten-7-320x202.jpg\" width=\"320\" height=\"202\" alt=\"Holzbau Vock Zimmermann Zimmerei Dachkomplettl\u00f6sung Heppenheim Bergstra\u00dfe\" title=\"Holzbau Vock Zimmermann Zimmerei Dachkomplettl\u00f6sung Heppenheim Bergstra\u00dfe\" aria-label=\"Holzbau Vock Zimmermann Zimmerei Dachkomplettl\u00f6sung Heppenheim Bergstra\u00dfe\" class=\"img-responsive wp-image-2106 fusion-gallery-image-size-fixed\" srcset=\"https:\/\/holzbau-vock.de\/wp-content\/uploads\/2020\/07\/Zimmerarbeiten-7-320x202.jpg 320w, https:\/\/holzbau-vock.de\/wp-content\/uploads\/2020\/07\/Zimmerarbeiten-7-700x441.jpg 700w\" sizes=\"(max-width: 320px) 100vw, 320px\" \/><\/a><\/div><\/div><div style=\"padding:5px;\" class=\"fusion-grid-column fusion-gallery-column fusion-gallery-column-4 hover-type-none\"><div class=\"fusion-gallery-image\"><a href=\"https:\/\/holzbau-vock.de\/wp-content\/uploads\/2020\/07\/Zimmerarbeiten-8-scaled.jpg\" rel=\"noreferrer\" data-rel=\"iLightbox[gallery_image_1]\" class=\"fusion-lightbox\" target=\"_self\"><img decoding=\"async\" src=\"https:\/\/holzbau-vock.de\/wp-content\/uploads\/2020\/07\/Zimmerarbeiten-8-320x202.jpg\" width=\"320\" height=\"202\" alt=\"Holzbau Vock Zimmermann Zimmerei Dachkomplettl\u00f6sung Heppenheim Bergstra\u00dfe\" title=\"Holzbau Vock Zimmermann Zimmerei Dachkomplettl\u00f6sung Heppenheim Bergstra\u00dfe\" aria-label=\"Holzbau Vock Zimmermann Zimmerei Dachkomplettl\u00f6sung Heppenheim Bergstra\u00dfe\" class=\"img-responsive wp-image-2107 fusion-gallery-image-size-fixed\" srcset=\"https:\/\/holzbau-vock.de\/wp-content\/uploads\/2020\/07\/Zimmerarbeiten-8-320x202.jpg 320w, https:\/\/holzbau-vock.de\/wp-content\/uploads\/2020\/07\/Zimmerarbeiten-8-700x441.jpg 700w\" sizes=\"(max-width: 320px) 100vw, 320px\" \/><\/a><\/div><\/div><div style=\"padding:5px;\" class=\"fusion-grid-column fusion-gallery-column fusion-gallery-column-4 hover-type-none\"><div class=\"fusion-gallery-image\"><a href=\"https:\/\/holzbau-vock.de\/wp-content\/uploads\/2020\/07\/Zimmerarbeiten-6-scaled.jpg\" rel=\"noreferrer\" data-rel=\"iLightbox[gallery_image_1]\" class=\"fusion-lightbox\" target=\"_self\"><img decoding=\"async\" src=\"https:\/\/holzbau-vock.de\/wp-content\/uploads\/2020\/07\/Zimmerarbeiten-6-320x202.jpg\" width=\"320\" height=\"202\" alt=\"Holzbau Vock Zimmermann Zimmerei Dachkomplettl\u00f6sung Heppenheim Bergstra\u00dfe\" title=\"Holzbau Vock Zimmermann Zimmerei Dachkomplettl\u00f6sung Heppenheim Bergstra\u00dfe\" aria-label=\"Holzbau Vock Zimmermann Zimmerei Dachkomplettl\u00f6sung Heppenheim Bergstra\u00dfe\" class=\"img-responsive wp-image-2105 fusion-gallery-image-size-fixed\" srcset=\"https:\/\/holzbau-vock.de\/wp-content\/uploads\/2020\/07\/Zimmerarbeiten-6-320x202.jpg 320w, https:\/\/holzbau-vock.de\/wp-content\/uploads\/2020\/07\/Zimmerarbeiten-6-700x441.jpg 700w\" sizes=\"(max-width: 320px) 100vw, 320px\" \/><\/a><\/div><\/div><div class=\"clearfix\"><\/div><div style=\"padding:5px;\" class=\"fusion-grid-column fusion-gallery-column fusion-gallery-column-4 hover-type-none\"><div class=\"fusion-gallery-image\"><a href=\"https:\/\/holzbau-vock.de\/wp-content\/uploads\/2017\/09\/Zimmerei-8.jpg\" rel=\"noreferrer\" data-rel=\"iLightbox[gallery_image_1]\" class=\"fusion-lightbox\" target=\"_self\"><img decoding=\"async\" src=\"https:\/\/holzbau-vock.de\/wp-content\/uploads\/2017\/09\/Zimmerei-8-320x202.jpg\" width=\"320\" height=\"202\" alt=\"Holzbau Vock Zimmermann Zimmerei Gewerbebau Heppenheim Bergstra\u00dfe\" title=\"Zimmerei\" aria-label=\"Zimmerei\" class=\"img-responsive wp-image-1320 fusion-gallery-image-size-fixed\" srcset=\"https:\/\/holzbau-vock.de\/wp-content\/uploads\/2017\/09\/Zimmerei-8-320x202.jpg 320w, https:\/\/holzbau-vock.de\/wp-content\/uploads\/2017\/09\/Zimmerei-8-700x441.jpg 700w\" sizes=\"(max-width: 320px) 100vw, 320px\" \/><\/a><\/div><\/div><div style=\"padding:5px;\" class=\"fusion-grid-column fusion-gallery-column fusion-gallery-column-4 hover-type-none\"><div class=\"fusion-gallery-image\"><a href=\"https:\/\/holzbau-vock.de\/wp-content\/uploads\/2017\/09\/Zimmerei-7.jpg\" rel=\"noreferrer\" data-rel=\"iLightbox[gallery_image_1]\" class=\"fusion-lightbox\" target=\"_self\"><img decoding=\"async\" src=\"https:\/\/holzbau-vock.de\/wp-content\/uploads\/2017\/09\/Zimmerei-7-320x202.jpg\" width=\"320\" height=\"202\" alt=\"Holzbau Vock Zimmermann Zimmerei Gewerbebau Heppenheim Bergstra\u00dfe\" title=\"Zimmerei\" aria-label=\"Zimmerei\" class=\"img-responsive wp-image-1319 fusion-gallery-image-size-fixed\" srcset=\"https:\/\/holzbau-vock.de\/wp-content\/uploads\/2017\/09\/Zimmerei-7-320x202.jpg 320w, https:\/\/holzbau-vock.de\/wp-content\/uploads\/2017\/09\/Zimmerei-7-700x441.jpg 700w\" sizes=\"(max-width: 320px) 100vw, 320px\" \/><\/a><\/div><\/div><div style=\"padding:5px;\" class=\"fusion-grid-column fusion-gallery-column fusion-gallery-column-4 hover-type-none\"><div class=\"fusion-gallery-image\"><a href=\"https:\/\/holzbau-vock.de\/wp-content\/uploads\/2017\/09\/Zimmerei-9.jpg\" rel=\"noreferrer\" data-rel=\"iLightbox[gallery_image_1]\" class=\"fusion-lightbox\" target=\"_self\"><img decoding=\"async\" src=\"https:\/\/holzbau-vock.de\/wp-content\/uploads\/2017\/09\/Zimmerei-9-320x202.jpg\" width=\"320\" height=\"202\" alt=\"Holzbau Vock Zimmermann Zimmerei Dachkomplettl\u00f6sung Heppenheim Bergstra\u00dfe\" title=\"Zimmerei\" aria-label=\"Zimmerei\" class=\"img-responsive wp-image-1321 fusion-gallery-image-size-fixed\" srcset=\"https:\/\/holzbau-vock.de\/wp-content\/uploads\/2017\/09\/Zimmerei-9-320x202.jpg 320w, https:\/\/holzbau-vock.de\/wp-content\/uploads\/2017\/09\/Zimmerei-9-700x441.jpg 700w\" sizes=\"(max-width: 320px) 100vw, 320px\" \/><\/a><\/div><\/div><div style=\"padding:5px;\" class=\"fusion-grid-column fusion-gallery-column fusion-gallery-column-4 hover-type-none\"><div class=\"fusion-gallery-image\"><a href=\"https:\/\/holzbau-vock.de\/wp-content\/uploads\/2020\/06\/Aufstockung2-scaled.jpg\" rel=\"noreferrer\" data-rel=\"iLightbox[gallery_image_1]\" class=\"fusion-lightbox\" target=\"_self\"><img decoding=\"async\" src=\"https:\/\/holzbau-vock.de\/wp-content\/uploads\/2020\/06\/Aufstockung2-320x202.jpg\" width=\"320\" height=\"202\" alt=\"Holzbau Vock GmbH - Aufstockung\" title=\"Holzbau Vock GmbH &#8211; Aufstockung\" aria-label=\"Holzbau Vock GmbH &#8211; Aufstockung\" class=\"img-responsive wp-image-2065 fusion-gallery-image-size-fixed\" srcset=\"https:\/\/holzbau-vock.de\/wp-content\/uploads\/2020\/06\/Aufstockung2-320x202.jpg 320w, https:\/\/holzbau-vock.de\/wp-content\/uploads\/2020\/06\/Aufstockung2-700x441.jpg 700w\" sizes=\"(max-width: 320px) 100vw, 320px\" \/><\/a><\/div><\/div><div class=\"clearfix\"><\/div><div style=\"padding:5px;\" class=\"fusion-grid-column fusion-gallery-column fusion-gallery-column-4 hover-type-none\"><div class=\"fusion-gallery-image\"><a href=\"https:\/\/holzbau-vock.de\/wp-content\/uploads\/2020\/07\/Zimmerarbeiten-9-scaled.jpg\" rel=\"noreferrer\" data-rel=\"iLightbox[gallery_image_1]\" class=\"fusion-lightbox\" target=\"_self\"><img decoding=\"async\" src=\"https:\/\/holzbau-vock.de\/wp-content\/uploads\/2020\/07\/Zimmerarbeiten-9-320x202.jpg\" width=\"320\" height=\"202\" alt=\"Holzbau Vock Zimmermann Zimmerei Dachkomplettl\u00f6sung Heppenheim Bergstra\u00dfe\" title=\"Holzbau Vock Zimmermann Zimmerei Dachkomplettl\u00f6sung Heppenheim Bergstra\u00dfe\" aria-label=\"Holzbau Vock Zimmermann Zimmerei Dachkomplettl\u00f6sung Heppenheim Bergstra\u00dfe\" class=\"img-responsive wp-image-2108 fusion-gallery-image-size-fixed\" srcset=\"https:\/\/holzbau-vock.de\/wp-content\/uploads\/2020\/07\/Zimmerarbeiten-9-320x202.jpg 320w, https:\/\/holzbau-vock.de\/wp-content\/uploads\/2020\/07\/Zimmerarbeiten-9-700x441.jpg 700w\" sizes=\"(max-width: 320px) 100vw, 320px\" \/><\/a><\/div><\/div><div style=\"padding:5px;\" class=\"fusion-grid-column fusion-gallery-column fusion-gallery-column-4 hover-type-none\"><div class=\"fusion-gallery-image\"><a href=\"https:\/\/holzbau-vock.de\/wp-content\/uploads\/2020\/07\/Zimmerarbeiten-4.jpg\" rel=\"noreferrer\" data-rel=\"iLightbox[gallery_image_1]\" class=\"fusion-lightbox\" target=\"_self\"><img decoding=\"async\" src=\"https:\/\/holzbau-vock.de\/wp-content\/uploads\/2020\/07\/Zimmerarbeiten-4-320x202.jpg\" width=\"320\" height=\"202\" alt=\"Holzbau Vock Zimmermann Zimmerei Dachkomplettl\u00f6sung Heppenheim Bergstra\u00dfe\" title=\"Holzbau Vock Zimmermann Zimmerei Dachkomplettl\u00f6sung Heppenheim Bergstra\u00dfe\" aria-label=\"Holzbau Vock Zimmermann Zimmerei Dachkomplettl\u00f6sung Heppenheim Bergstra\u00dfe\" class=\"img-responsive wp-image-2103 fusion-gallery-image-size-fixed\" srcset=\"https:\/\/holzbau-vock.de\/wp-content\/uploads\/2020\/07\/Zimmerarbeiten-4-320x202.jpg 320w, https:\/\/holzbau-vock.de\/wp-content\/uploads\/2020\/07\/Zimmerarbeiten-4-700x441.jpg 700w\" sizes=\"(max-width: 320px) 100vw, 320px\" \/><\/a><\/div><\/div><div style=\"padding:5px;\" class=\"fusion-grid-column fusion-gallery-column fusion-gallery-column-4 hover-type-none\"><div class=\"fusion-gallery-image\"><a href=\"https:\/\/holzbau-vock.de\/wp-content\/uploads\/2020\/07\/Zimmerarbeiten-2-scaled.jpg\" rel=\"noreferrer\" data-rel=\"iLightbox[gallery_image_1]\" class=\"fusion-lightbox\" target=\"_self\"><img decoding=\"async\" src=\"https:\/\/holzbau-vock.de\/wp-content\/uploads\/2020\/07\/Zimmerarbeiten-2-320x202.jpg\" width=\"320\" height=\"202\" alt=\"Holzbau Vock Zimmermann Zimmerei Dachkomplettl\u00f6sung Heppenheim Bergstra\u00dfe\" title=\"Holzbau Vock Zimmermann Zimmerei Dachkomplettl\u00f6sung Heppenheim Bergstra\u00dfe\" aria-label=\"Holzbau Vock Zimmermann Zimmerei Dachkomplettl\u00f6sung Heppenheim Bergstra\u00dfe\" class=\"img-responsive wp-image-2101 fusion-gallery-image-size-fixed\" srcset=\"https:\/\/holzbau-vock.de\/wp-content\/uploads\/2020\/07\/Zimmerarbeiten-2-320x202.jpg 320w, https:\/\/holzbau-vock.de\/wp-content\/uploads\/2020\/07\/Zimmerarbeiten-2-700x441.jpg 700w\" sizes=\"(max-width: 320px) 100vw, 320px\" \/><\/a><\/div><\/div><div style=\"padding:5px;\" class=\"fusion-grid-column fusion-gallery-column fusion-gallery-column-4 hover-type-none\"><div class=\"fusion-gallery-image\"><a href=\"https:\/\/holzbau-vock.de\/wp-content\/uploads\/2020\/07\/Zimmerarbeiten-3-scaled.jpg\" rel=\"noreferrer\" data-rel=\"iLightbox[gallery_image_1]\" class=\"fusion-lightbox\" target=\"_self\"><img decoding=\"async\" src=\"https:\/\/holzbau-vock.de\/wp-content\/uploads\/2020\/07\/Zimmerarbeiten-3-320x202.jpg\" width=\"320\" height=\"202\" alt=\"Holzbau Vock Zimmermann Zimmerei Dachkomplettl\u00f6sung Heppenheim Bergstra\u00dfe\" title=\"Holzbau Vock Zimmermann Zimmerei Dachkomplettl\u00f6sung Heppenheim Bergstra\u00dfe\" aria-label=\"Holzbau Vock Zimmermann Zimmerei Dachkomplettl\u00f6sung Heppenheim Bergstra\u00dfe\" class=\"img-responsive wp-image-2102 fusion-gallery-image-size-fixed\" srcset=\"https:\/\/holzbau-vock.de\/wp-content\/uploads\/2020\/07\/Zimmerarbeiten-3-320x202.jpg 320w, https:\/\/holzbau-vock.de\/wp-content\/uploads\/2020\/07\/Zimmerarbeiten-3-700x441.jpg 700w\" sizes=\"(max-width: 320px) 100vw, 320px\" \/><\/a><\/div><\/div><div class=\"clearfix\"><\/div><\/div><\/div>\n<h3><div class=\"fusion-sep-clear\"><\/div><div class=\"fusion-separator fusion-full-width-sep\" style=\"margin-left: auto;margin-right: auto;width:100%;\"><div class=\"fusion-separator-border sep-single\" style=\"border-color:#eae8e8;border-top-width:2px;\"><\/div><\/div><div class=\"fusion-sep-clear\"><\/div><\/h3>\n<h3>Handwerk 4.0: Digitalisierung im Holzbau<\/h3>\n<p>Als modernes Unternehmen haben wir den technischen Fortschritt stets im Blick. Denn auch f\u00fcr das Handwerk er\u00f6ffnet die Digitalisierung neue Chancen. Seit 2017 arbeiten wir daher mit einer WEINMANN-Abbundanlage, die es uns erm\u00f6glicht, anspruchsvolle Konstruktionen noch schneller und pr\u00e4ziser umzusetzen.<\/p>\n<div class=\"fusion-image-element in-legacy-container\"><span class=\" fusion-imageframe imageframe-none imageframe-1 hover-type-none\"><img decoding=\"async\" width=\"1200\" height=\"502\" alt=\"Holzbau Vock GmbH Zimmermann Heppenheim Bergstra\u00dfe Abbundanlage\" title=\"Holzbau Vock GmbH Abbundanlage\" src=\"https:\/\/holzbau-vock.de\/wp-content\/uploads\/2018\/04\/DSC0177-1200x502.jpg\" class=\"img-responsive wp-image-1781\" srcset=\"https:\/\/holzbau-vock.de\/wp-content\/uploads\/2018\/04\/DSC0177-200x84.jpg 200w, https:\/\/holzbau-vock.de\/wp-content\/uploads\/2018\/04\/DSC0177-400x167.jpg 400w, https:\/\/holzbau-vock.de\/wp-content\/uploads\/2018\/04\/DSC0177-600x251.jpg 600w, https:\/\/holzbau-vock.de\/wp-content\/uploads\/2018\/04\/DSC0177-800x335.jpg 800w, https:\/\/holzbau-vock.de\/wp-content\/uploads\/2018\/04\/DSC0177-1200x502.jpg 1200w, https:\/\/holzbau-vock.de\/wp-content\/uploads\/2018\/04\/DSC0177.jpg 1772w\" sizes=\"(max-width: 800px) 100vw, 1200px\" \/><\/span><\/div>\n<h3><div class=\"fusion-sep-clear\"><\/div><div class=\"fusion-separator fusion-full-width-sep\" style=\"margin-left: auto;margin-right: auto;width:100%;\"><div class=\"fusion-separator-border sep-single\" style=\"border-color:#eae8e8;border-top-width:2px;\"><\/div><\/div><div class=\"fusion-sep-clear\"><\/div><\/h3>\n<p><iframe src=\"https:\/\/www.youtube.com\/embed\/4rXvtT8I3cw?controls=0\" width=\"850\" height=\"482\" frameborder=\"0\" allowfullscreen=\"allowfullscreen\"><\/iframe><\/div><div class=\"nav fusion-mobile-tab-nav\"><ul class=\"nav-tabs\" role=\"tablist\"><li role=\"presentation\"><a class=\"tab-link\" data-toggle=\"tab\" role=\"tab\" aria-controls=\"tab-6dc7894b795c3821783\" aria-selected=\"false\" tabindex=\"-1\" id=\"mobile-fusion-tab-holzrahmenbau\" href=\"#tab-6dc7894b795c3821783\"><h4 class=\"fusion-tab-heading\">Holzrahmenbau<\/h4><\/a><\/li><\/ul><\/div><div class=\"tab-pane fade fusion-clearfix\" role=\"tabpanel\" tabindex=\"0\" aria-labelledby=\"fusion-tab-holzrahmenbau\" id=\"tab-6dc7894b795c3821783\">\n<h2 style=\"font-weight: 300; margin-top: -20px;\">Holzrahmenbau<\/h2>\n<div id=\"attachment_1508\" style=\"width: 330px\" class=\"wp-caption alignright\"><img decoding=\"async\" aria-describedby=\"caption-attachment-1508\" class=\"wp-image-1508\" src=\"https:\/\/holzbau-vock.de\/wp-content\/uploads\/2017\/11\/Aufstockung-234x300.jpg\" alt=\"\" width=\"320\" height=\"410\" srcset=\"https:\/\/holzbau-vock.de\/wp-content\/uploads\/2017\/11\/Aufstockung-200x256.jpg 200w, https:\/\/holzbau-vock.de\/wp-content\/uploads\/2017\/11\/Aufstockung-234x300.jpg 234w, https:\/\/holzbau-vock.de\/wp-content\/uploads\/2017\/11\/Aufstockung-400x512.jpg 400w, https:\/\/holzbau-vock.de\/wp-content\/uploads\/2017\/11\/Aufstockung-600x768.jpg 600w, https:\/\/holzbau-vock.de\/wp-content\/uploads\/2017\/11\/Aufstockung.jpg 645w\" sizes=\"(max-width: 320px) 100vw, 320px\" \/><p id=\"caption-attachment-1508\" class=\"wp-caption-text\">Aufstockung eines Wohnhauses<\/p><\/div>\n<p>Sie m\u00f6chten Ihr Zuhause vergr\u00f6\u00dfern? Und legen Wert auf eine schnelle Umsetzung, gute D\u00e4mmung und \u00f6kologische Baustoffe? Dann setzen Sie auf die nachhaltige Holzrahmenbauweise &#8211; eine Weiterentwicklung des jahrhundertealten Fachwerkbaus.<\/p>\n<p>Der Vorteile: Die einzelnen Elemente wie W\u00e4nde und Decken werden bereits in unserer Halle nach Ihren W\u00fcnschen vorgefertigt und vor Ort nur noch miteinander verbunden. Das beschleunigt den Aufbau &#8211; und garantiert eine problemlose Umsetzung. Zudem k\u00f6nnen Holzkonstruktionen auch dort eingesetzt werden, wo die Statik ein schweres Mauerwerk nicht zul\u00e4sst.<\/p>\n<p>Der Holzrahmenbau ist nicht nur f\u00fcr Aufstockungen und Gauben geeignet &#8211; auch komplette H\u00e4user lassen sich verwirklichen.<\/p>\n<div class=\"fusion-sep-clear\"><\/div><div class=\"fusion-separator fusion-full-width-sep\" style=\"margin-left: auto;margin-right: auto;width:100%;\"><div class=\"fusion-separator-border sep-single\" style=\"border-color:#eae8e8;border-top-width:2px;\"><\/div><\/div><div class=\"fusion-sep-clear\"><\/div>\n<h3>Fertigung und Verladen der Holzrahmen-Elemente in unserer Abbundhalle<\/h3>\n<div class=\"awb-gallery-wrapper awb-gallery-wrapper-2 button-span-no\"><div style=\"margin:-2px;--awb-bordersize:0px;\" class=\"fusion-gallery fusion-gallery-container fusion-grid-4 fusion-columns-total-4 fusion-gallery-layout-grid fusion-gallery-2\"><div style=\"padding:2.5px;\" class=\"fusion-grid-column fusion-gallery-column fusion-gallery-column-4 hover-type-zoomin\"><div class=\"fusion-gallery-image\"><a href=\"https:\/\/holzbau-vock.de\/wp-content\/uploads\/2017\/09\/Holzrahmenbau-6.jpg\" rel=\"noreferrer\" data-rel=\"iLightbox[gallery_image_2]\" class=\"fusion-lightbox\" target=\"_self\"><img decoding=\"async\" src=\"https:\/\/holzbau-vock.de\/wp-content\/uploads\/2017\/09\/Holzrahmenbau-6.jpg\" width=\"1000\" height=\"666\" alt=\"Holzbau Vock Holzrahmenbau Heppenheim Bergstra\u00dfe\" title=\"Holzrahmenbau\" aria-label=\"Holzrahmenbau\" class=\"img-responsive wp-image-1326\" srcset=\"https:\/\/holzbau-vock.de\/wp-content\/uploads\/2017\/09\/Holzrahmenbau-6-200x133.jpg 200w, https:\/\/holzbau-vock.de\/wp-content\/uploads\/2017\/09\/Holzrahmenbau-6-400x266.jpg 400w, https:\/\/holzbau-vock.de\/wp-content\/uploads\/2017\/09\/Holzrahmenbau-6-600x400.jpg 600w, https:\/\/holzbau-vock.de\/wp-content\/uploads\/2017\/09\/Holzrahmenbau-6-800x533.jpg 800w, https:\/\/holzbau-vock.de\/wp-content\/uploads\/2017\/09\/Holzrahmenbau-6.jpg 1000w\" sizes=\"(min-width: 2200px) 100vw, (min-width: 916px) 311px, (min-width: 824px) 415px, (min-width: 732px) 622px, (min-width: 640px) 732px, \" \/><\/a><\/div><\/div><div style=\"padding:2.5px;\" class=\"fusion-grid-column fusion-gallery-column fusion-gallery-column-4 hover-type-zoomin\"><div class=\"fusion-gallery-image\"><a href=\"https:\/\/holzbau-vock.de\/wp-content\/uploads\/2017\/09\/Holzrahmenbau-8.jpg\" rel=\"noreferrer\" data-rel=\"iLightbox[gallery_image_2]\" class=\"fusion-lightbox\" target=\"_self\"><img decoding=\"async\" src=\"https:\/\/holzbau-vock.de\/wp-content\/uploads\/2017\/09\/Holzrahmenbau-8.jpg\" width=\"1000\" height=\"666\" alt=\"Holzbau Vock Holzrahmenbau Heppenheim Bergstra\u00dfe\" title=\"Holzrahmenbau\" aria-label=\"Holzrahmenbau\" class=\"img-responsive wp-image-1328\" srcset=\"https:\/\/holzbau-vock.de\/wp-content\/uploads\/2017\/09\/Holzrahmenbau-8-200x133.jpg 200w, https:\/\/holzbau-vock.de\/wp-content\/uploads\/2017\/09\/Holzrahmenbau-8-400x266.jpg 400w, https:\/\/holzbau-vock.de\/wp-content\/uploads\/2017\/09\/Holzrahmenbau-8-600x400.jpg 600w, https:\/\/holzbau-vock.de\/wp-content\/uploads\/2017\/09\/Holzrahmenbau-8-800x533.jpg 800w, https:\/\/holzbau-vock.de\/wp-content\/uploads\/2017\/09\/Holzrahmenbau-8.jpg 1000w\" sizes=\"(min-width: 2200px) 100vw, (min-width: 916px) 311px, (min-width: 824px) 415px, (min-width: 732px) 622px, (min-width: 640px) 732px, \" \/><\/a><\/div><\/div><div style=\"padding:2.5px;\" class=\"fusion-grid-column fusion-gallery-column fusion-gallery-column-4 hover-type-zoomin\"><div class=\"fusion-gallery-image\"><a href=\"https:\/\/holzbau-vock.de\/wp-content\/uploads\/2017\/09\/Holzrahmenbau-7.jpg\" rel=\"noreferrer\" data-rel=\"iLightbox[gallery_image_2]\" class=\"fusion-lightbox\" target=\"_self\"><img decoding=\"async\" src=\"https:\/\/holzbau-vock.de\/wp-content\/uploads\/2017\/09\/Holzrahmenbau-7.jpg\" width=\"1000\" height=\"666\" alt=\"Holzbau Vock Holzrahmenbau Heppenheim Bergstra\u00dfe\" title=\"Holzrahmenbau\" aria-label=\"Holzrahmenbau\" class=\"img-responsive wp-image-1327\" srcset=\"https:\/\/holzbau-vock.de\/wp-content\/uploads\/2017\/09\/Holzrahmenbau-7-200x133.jpg 200w, https:\/\/holzbau-vock.de\/wp-content\/uploads\/2017\/09\/Holzrahmenbau-7-400x266.jpg 400w, https:\/\/holzbau-vock.de\/wp-content\/uploads\/2017\/09\/Holzrahmenbau-7-600x400.jpg 600w, https:\/\/holzbau-vock.de\/wp-content\/uploads\/2017\/09\/Holzrahmenbau-7-800x533.jpg 800w, https:\/\/holzbau-vock.de\/wp-content\/uploads\/2017\/09\/Holzrahmenbau-7.jpg 1000w\" sizes=\"(min-width: 2200px) 100vw, (min-width: 916px) 311px, (min-width: 824px) 415px, (min-width: 732px) 622px, (min-width: 640px) 732px, \" \/><\/a><\/div><\/div><div style=\"padding:2.5px;\" class=\"fusion-grid-column fusion-gallery-column fusion-gallery-column-4 hover-type-zoomin\"><div class=\"fusion-gallery-image\"><a href=\"https:\/\/holzbau-vock.de\/wp-content\/uploads\/2017\/09\/Holzrahmenbau-9.jpg\" rel=\"noreferrer\" data-rel=\"iLightbox[gallery_image_2]\" class=\"fusion-lightbox\" target=\"_self\"><img decoding=\"async\" src=\"https:\/\/holzbau-vock.de\/wp-content\/uploads\/2017\/09\/Holzrahmenbau-9.jpg\" width=\"1000\" height=\"666\" alt=\"Holzbau Vock Holzrahmenbau Heppenheim Bergstra\u00dfe\" title=\"Holzrahmenbau\" aria-label=\"Holzrahmenbau\" class=\"img-responsive wp-image-1329\" srcset=\"https:\/\/holzbau-vock.de\/wp-content\/uploads\/2017\/09\/Holzrahmenbau-9-200x133.jpg 200w, https:\/\/holzbau-vock.de\/wp-content\/uploads\/2017\/09\/Holzrahmenbau-9-400x266.jpg 400w, https:\/\/holzbau-vock.de\/wp-content\/uploads\/2017\/09\/Holzrahmenbau-9-600x400.jpg 600w, https:\/\/holzbau-vock.de\/wp-content\/uploads\/2017\/09\/Holzrahmenbau-9-800x533.jpg 800w, https:\/\/holzbau-vock.de\/wp-content\/uploads\/2017\/09\/Holzrahmenbau-9.jpg 1000w\" sizes=\"(min-width: 2200px) 100vw, (min-width: 916px) 311px, (min-width: 824px) 415px, (min-width: 732px) 622px, (min-width: 640px) 732px, \" \/><\/a><\/div><\/div><div class=\"clearfix\"><\/div><\/div><\/div>\n<h3>Aufschlagen und Montage vor Ort<\/h3>\n<div class=\"awb-gallery-wrapper awb-gallery-wrapper-3 button-span-no\"><div style=\"margin:-2px;--awb-bordersize:0px;\" class=\"fusion-gallery fusion-gallery-container fusion-grid-4 fusion-columns-total-4 fusion-gallery-layout-grid fusion-gallery-3\"><div style=\"padding:2.5px;\" class=\"fusion-grid-column fusion-gallery-column fusion-gallery-column-4 hover-type-zoomin\"><div class=\"fusion-gallery-image\"><a href=\"https:\/\/holzbau-vock.de\/wp-content\/uploads\/2017\/09\/Holzrahmenbau-10.jpg\" rel=\"noreferrer\" data-rel=\"iLightbox[gallery_image_3]\" class=\"fusion-lightbox\" target=\"_self\"><img decoding=\"async\" src=\"https:\/\/holzbau-vock.de\/wp-content\/uploads\/2017\/09\/Holzrahmenbau-10.jpg\" width=\"1000\" height=\"666\" alt=\"Holzbau Vock Holzrahmenbau Heppenheim Bergstra\u00dfe\" title=\"Holzrahmenbau\" aria-label=\"Holzrahmenbau\" class=\"img-responsive wp-image-1330\" srcset=\"https:\/\/holzbau-vock.de\/wp-content\/uploads\/2017\/09\/Holzrahmenbau-10-200x133.jpg 200w, https:\/\/holzbau-vock.de\/wp-content\/uploads\/2017\/09\/Holzrahmenbau-10-400x266.jpg 400w, https:\/\/holzbau-vock.de\/wp-content\/uploads\/2017\/09\/Holzrahmenbau-10-600x400.jpg 600w, https:\/\/holzbau-vock.de\/wp-content\/uploads\/2017\/09\/Holzrahmenbau-10-800x533.jpg 800w, https:\/\/holzbau-vock.de\/wp-content\/uploads\/2017\/09\/Holzrahmenbau-10.jpg 1000w\" sizes=\"(min-width: 2200px) 100vw, (min-width: 916px) 311px, (min-width: 824px) 415px, (min-width: 732px) 622px, (min-width: 640px) 732px, \" \/><\/a><\/div><\/div><div style=\"padding:2.5px;\" class=\"fusion-grid-column fusion-gallery-column fusion-gallery-column-4 hover-type-zoomin\"><div class=\"fusion-gallery-image\"><a href=\"https:\/\/holzbau-vock.de\/wp-content\/uploads\/2017\/11\/Holzrahmenbau-3.jpg\" rel=\"noreferrer\" data-rel=\"iLightbox[gallery_image_3]\" class=\"fusion-lightbox\" target=\"_self\"><img decoding=\"async\" src=\"https:\/\/holzbau-vock.de\/wp-content\/uploads\/2017\/11\/Holzrahmenbau-3.jpg\" width=\"1000\" height=\"666\" alt=\"\" title=\"Holzrahmenbau\" aria-label=\"Holzrahmenbau\" class=\"img-responsive wp-image-1506\" srcset=\"https:\/\/holzbau-vock.de\/wp-content\/uploads\/2017\/11\/Holzrahmenbau-3-200x133.jpg 200w, https:\/\/holzbau-vock.de\/wp-content\/uploads\/2017\/11\/Holzrahmenbau-3-400x266.jpg 400w, https:\/\/holzbau-vock.de\/wp-content\/uploads\/2017\/11\/Holzrahmenbau-3-600x400.jpg 600w, https:\/\/holzbau-vock.de\/wp-content\/uploads\/2017\/11\/Holzrahmenbau-3-800x533.jpg 800w, https:\/\/holzbau-vock.de\/wp-content\/uploads\/2017\/11\/Holzrahmenbau-3.jpg 1000w\" sizes=\"(min-width: 2200px) 100vw, (min-width: 916px) 311px, (min-width: 824px) 415px, (min-width: 732px) 622px, (min-width: 640px) 732px, \" \/><\/a><\/div><\/div><div style=\"padding:2.5px;\" class=\"fusion-grid-column fusion-gallery-column fusion-gallery-column-4 hover-type-zoomin\"><div class=\"fusion-gallery-image\"><a href=\"https:\/\/holzbau-vock.de\/wp-content\/uploads\/2017\/09\/Holzrahmenbau-11.jpg\" rel=\"noreferrer\" data-rel=\"iLightbox[gallery_image_3]\" class=\"fusion-lightbox\" target=\"_self\"><img decoding=\"async\" src=\"https:\/\/holzbau-vock.de\/wp-content\/uploads\/2017\/09\/Holzrahmenbau-11.jpg\" width=\"1000\" height=\"666\" alt=\"Holzbau Vock Holzrahmenbau Heppenheim Bergstra\u00dfe\" title=\"Holzrahmenbau\" aria-label=\"Holzrahmenbau\" class=\"img-responsive wp-image-1331\" srcset=\"https:\/\/holzbau-vock.de\/wp-content\/uploads\/2017\/09\/Holzrahmenbau-11-200x133.jpg 200w, https:\/\/holzbau-vock.de\/wp-content\/uploads\/2017\/09\/Holzrahmenbau-11-400x266.jpg 400w, https:\/\/holzbau-vock.de\/wp-content\/uploads\/2017\/09\/Holzrahmenbau-11-600x400.jpg 600w, https:\/\/holzbau-vock.de\/wp-content\/uploads\/2017\/09\/Holzrahmenbau-11-800x533.jpg 800w, https:\/\/holzbau-vock.de\/wp-content\/uploads\/2017\/09\/Holzrahmenbau-11.jpg 1000w\" sizes=\"(min-width: 2200px) 100vw, (min-width: 916px) 311px, (min-width: 824px) 415px, (min-width: 732px) 622px, (min-width: 640px) 732px, \" \/><\/a><\/div><\/div><div style=\"padding:2.5px;\" class=\"fusion-grid-column fusion-gallery-column fusion-gallery-column-4 hover-type-zoomin\"><div class=\"fusion-gallery-image\"><a href=\"https:\/\/holzbau-vock.de\/wp-content\/uploads\/2017\/09\/Holzrahmenbau-5.jpg\" rel=\"noreferrer\" data-rel=\"iLightbox[gallery_image_3]\" class=\"fusion-lightbox\" target=\"_self\"><img decoding=\"async\" src=\"https:\/\/holzbau-vock.de\/wp-content\/uploads\/2017\/09\/Holzrahmenbau-5.jpg\" width=\"1000\" height=\"666\" alt=\"Holzbau Vock Holzrahmenbau Heppenheim Bergstra\u00dfe\" title=\"Holzrahmenbau\" aria-label=\"Holzrahmenbau\" class=\"img-responsive wp-image-1325\" srcset=\"https:\/\/holzbau-vock.de\/wp-content\/uploads\/2017\/09\/Holzrahmenbau-5-200x133.jpg 200w, https:\/\/holzbau-vock.de\/wp-content\/uploads\/2017\/09\/Holzrahmenbau-5-400x266.jpg 400w, https:\/\/holzbau-vock.de\/wp-content\/uploads\/2017\/09\/Holzrahmenbau-5-600x400.jpg 600w, https:\/\/holzbau-vock.de\/wp-content\/uploads\/2017\/09\/Holzrahmenbau-5-800x533.jpg 800w, https:\/\/holzbau-vock.de\/wp-content\/uploads\/2017\/09\/Holzrahmenbau-5.jpg 1000w\" sizes=\"(min-width: 2200px) 100vw, (min-width: 916px) 311px, (min-width: 824px) 415px, (min-width: 732px) 622px, (min-width: 640px) 732px, \" \/><\/a><\/div><\/div><div class=\"clearfix\"><\/div><\/div><\/div>\n<h3>Aus Alt mach Neu: Aufstockung eines Wohnhaus&#8216;<\/h3>\n<div class=\"awb-gallery-wrapper awb-gallery-wrapper-4 button-span-no\"><div style=\"margin:-5px;--awb-bordersize:0px;\" class=\"fusion-gallery fusion-gallery-container fusion-grid-4 fusion-columns-total-4 fusion-gallery-layout-grid fusion-gallery-4\"><div style=\"padding:5px;\" class=\"fusion-grid-column fusion-gallery-column fusion-gallery-column-4 hover-type-none\"><div class=\"fusion-gallery-image\"><a href=\"https:\/\/holzbau-vock.de\/wp-content\/uploads\/2020\/06\/Aufstockung1-scaled.jpg\" rel=\"noreferrer\" data-rel=\"iLightbox[gallery_image_4]\" class=\"fusion-lightbox\" target=\"_self\"><img decoding=\"async\" src=\"https:\/\/holzbau-vock.de\/wp-content\/uploads\/2020\/06\/Aufstockung1-scaled.jpg\" width=\"2560\" height=\"1707\" alt=\"Holzbau Vock GmbH - Aufstockung\" title=\"Holzbau Vock GmbH &#8211; Aufstockung\" aria-label=\"Holzbau Vock GmbH &#8211; Aufstockung\" class=\"img-responsive wp-image-2064\" srcset=\"https:\/\/holzbau-vock.de\/wp-content\/uploads\/2020\/06\/Aufstockung1-200x133.jpg 200w, https:\/\/holzbau-vock.de\/wp-content\/uploads\/2020\/06\/Aufstockung1-400x267.jpg 400w, https:\/\/holzbau-vock.de\/wp-content\/uploads\/2020\/06\/Aufstockung1-600x400.jpg 600w, https:\/\/holzbau-vock.de\/wp-content\/uploads\/2020\/06\/Aufstockung1-800x533.jpg 800w, https:\/\/holzbau-vock.de\/wp-content\/uploads\/2020\/06\/Aufstockung1-scaled.jpg 2560w\" sizes=\"(min-width: 2200px) 100vw, (min-width: 916px) 309px, (min-width: 824px) 412px, (min-width: 732px) 618px, (min-width: 640px) 732px, \" \/><\/a><\/div><\/div><div style=\"padding:5px;\" class=\"fusion-grid-column fusion-gallery-column fusion-gallery-column-4 hover-type-none\"><div class=\"fusion-gallery-image\"><a href=\"https:\/\/holzbau-vock.de\/wp-content\/uploads\/2020\/06\/Aufstockung2-scaled.jpg\" rel=\"noreferrer\" data-rel=\"iLightbox[gallery_image_4]\" class=\"fusion-lightbox\" target=\"_self\"><img decoding=\"async\" src=\"https:\/\/holzbau-vock.de\/wp-content\/uploads\/2020\/06\/Aufstockung2-scaled.jpg\" width=\"2560\" height=\"1707\" alt=\"Holzbau Vock GmbH - Aufstockung\" title=\"Holzbau Vock GmbH &#8211; Aufstockung\" aria-label=\"Holzbau Vock GmbH &#8211; Aufstockung\" class=\"img-responsive wp-image-2065\" srcset=\"https:\/\/holzbau-vock.de\/wp-content\/uploads\/2020\/06\/Aufstockung2-200x133.jpg 200w, https:\/\/holzbau-vock.de\/wp-content\/uploads\/2020\/06\/Aufstockung2-400x267.jpg 400w, https:\/\/holzbau-vock.de\/wp-content\/uploads\/2020\/06\/Aufstockung2-600x400.jpg 600w, https:\/\/holzbau-vock.de\/wp-content\/uploads\/2020\/06\/Aufstockung2-800x533.jpg 800w, https:\/\/holzbau-vock.de\/wp-content\/uploads\/2020\/06\/Aufstockung2-scaled.jpg 2560w\" sizes=\"(min-width: 2200px) 100vw, (min-width: 916px) 309px, (min-width: 824px) 412px, (min-width: 732px) 618px, (min-width: 640px) 732px, \" \/><\/a><\/div><\/div><div style=\"padding:5px;\" class=\"fusion-grid-column fusion-gallery-column fusion-gallery-column-4 hover-type-none\"><div class=\"fusion-gallery-image\"><a href=\"https:\/\/holzbau-vock.de\/wp-content\/uploads\/2020\/06\/Aufstockung3-scaled.jpg\" rel=\"noreferrer\" data-rel=\"iLightbox[gallery_image_4]\" class=\"fusion-lightbox\" target=\"_self\"><img decoding=\"async\" src=\"https:\/\/holzbau-vock.de\/wp-content\/uploads\/2020\/06\/Aufstockung3-scaled.jpg\" width=\"2560\" height=\"1707\" alt=\"Holzbau Vock GmbH - Aufstockung\" title=\"Holzbau Vock GmbH &#8211; Aufstockung\" aria-label=\"Holzbau Vock GmbH &#8211; Aufstockung\" class=\"img-responsive wp-image-2066\" srcset=\"https:\/\/holzbau-vock.de\/wp-content\/uploads\/2020\/06\/Aufstockung3-200x133.jpg 200w, https:\/\/holzbau-vock.de\/wp-content\/uploads\/2020\/06\/Aufstockung3-400x267.jpg 400w, https:\/\/holzbau-vock.de\/wp-content\/uploads\/2020\/06\/Aufstockung3-600x400.jpg 600w, https:\/\/holzbau-vock.de\/wp-content\/uploads\/2020\/06\/Aufstockung3-800x533.jpg 800w, https:\/\/holzbau-vock.de\/wp-content\/uploads\/2020\/06\/Aufstockung3-scaled.jpg 2560w\" sizes=\"(min-width: 2200px) 100vw, (min-width: 916px) 309px, (min-width: 824px) 412px, (min-width: 732px) 618px, (min-width: 640px) 732px, \" \/><\/a><\/div><\/div><div style=\"padding:5px;\" class=\"fusion-grid-column fusion-gallery-column fusion-gallery-column-4 hover-type-none\"><div class=\"fusion-gallery-image\"><a href=\"https:\/\/holzbau-vock.de\/wp-content\/uploads\/2020\/06\/Aufstockung4-scaled.jpg\" rel=\"noreferrer\" data-rel=\"iLightbox[gallery_image_4]\" class=\"fusion-lightbox\" target=\"_self\"><img decoding=\"async\" src=\"https:\/\/holzbau-vock.de\/wp-content\/uploads\/2020\/06\/Aufstockung4-scaled.jpg\" width=\"2560\" height=\"1707\" alt=\"Holzbau Vock GmbH - Aufstockung\" title=\"Holzbau Vock GmbH &#8211; Aufstockung\" aria-label=\"Holzbau Vock GmbH &#8211; Aufstockung\" class=\"img-responsive wp-image-2067\" srcset=\"https:\/\/holzbau-vock.de\/wp-content\/uploads\/2020\/06\/Aufstockung4-200x133.jpg 200w, https:\/\/holzbau-vock.de\/wp-content\/uploads\/2020\/06\/Aufstockung4-400x267.jpg 400w, https:\/\/holzbau-vock.de\/wp-content\/uploads\/2020\/06\/Aufstockung4-600x400.jpg 600w, https:\/\/holzbau-vock.de\/wp-content\/uploads\/2020\/06\/Aufstockung4-800x533.jpg 800w, https:\/\/holzbau-vock.de\/wp-content\/uploads\/2020\/06\/Aufstockung4-scaled.jpg 2560w\" sizes=\"(min-width: 2200px) 100vw, (min-width: 916px) 309px, (min-width: 824px) 412px, (min-width: 732px) 618px, (min-width: 640px) 732px, \" \/><\/a><\/div><\/div><div class=\"clearfix\"><\/div><\/div><\/div>\n<h3>Mehr Platz unterm Dach: Aufstockung und Gaube<\/h3>\n<div class=\"awb-gallery-wrapper awb-gallery-wrapper-5 button-span-no\"><div style=\"margin:-5px;--awb-bordersize:0px;\" class=\"fusion-gallery fusion-gallery-container fusion-grid-4 fusion-columns-total-4 fusion-gallery-layout-grid fusion-gallery-5\"><div style=\"padding:5px;\" class=\"fusion-grid-column fusion-gallery-column fusion-gallery-column-4 hover-type-none\"><div class=\"fusion-gallery-image\"><a href=\"https:\/\/holzbau-vock.de\/wp-content\/uploads\/2020\/07\/Aufstockung_Gaube-4-scaled.jpg\" rel=\"noreferrer\" data-rel=\"iLightbox[gallery_image_5]\" class=\"fusion-lightbox\" target=\"_self\"><img decoding=\"async\" src=\"https:\/\/holzbau-vock.de\/wp-content\/uploads\/2020\/07\/Aufstockung_Gaube-4-320x202.jpg\" width=\"320\" height=\"202\" alt=\"Holzbau Vock Aufstockung Gaube\" title=\"Holzbau Vock Aufstockung Gaube\" aria-label=\"Holzbau Vock Aufstockung Gaube\" class=\"img-responsive wp-image-2116 fusion-gallery-image-size-fixed\" srcset=\"https:\/\/holzbau-vock.de\/wp-content\/uploads\/2020\/07\/Aufstockung_Gaube-4-320x202.jpg 320w, https:\/\/holzbau-vock.de\/wp-content\/uploads\/2020\/07\/Aufstockung_Gaube-4-700x441.jpg 700w\" sizes=\"(max-width: 320px) 100vw, 320px\" \/><\/a><\/div><\/div><div style=\"padding:5px;\" class=\"fusion-grid-column fusion-gallery-column fusion-gallery-column-4 hover-type-none\"><div class=\"fusion-gallery-image\"><a href=\"https:\/\/holzbau-vock.de\/wp-content\/uploads\/2020\/07\/Aufstockung_Gaube-1-scaled.jpg\" rel=\"noreferrer\" data-rel=\"iLightbox[gallery_image_5]\" class=\"fusion-lightbox\" target=\"_self\"><img decoding=\"async\" src=\"https:\/\/holzbau-vock.de\/wp-content\/uploads\/2020\/07\/Aufstockung_Gaube-1-320x202.jpg\" width=\"320\" height=\"202\" alt=\"Holzbau Vock Aufstockung Gaube\" title=\"Holzbau Vock Aufstockung Gaube\" aria-label=\"Holzbau Vock Aufstockung Gaube\" class=\"img-responsive wp-image-2113 fusion-gallery-image-size-fixed\" srcset=\"https:\/\/holzbau-vock.de\/wp-content\/uploads\/2020\/07\/Aufstockung_Gaube-1-320x202.jpg 320w, https:\/\/holzbau-vock.de\/wp-content\/uploads\/2020\/07\/Aufstockung_Gaube-1-700x441.jpg 700w\" sizes=\"(max-width: 320px) 100vw, 320px\" \/><\/a><\/div><\/div><div style=\"padding:5px;\" class=\"fusion-grid-column fusion-gallery-column fusion-gallery-column-4 hover-type-none\"><div class=\"fusion-gallery-image\"><a href=\"https:\/\/holzbau-vock.de\/wp-content\/uploads\/2020\/07\/Aufstockung_Gaube-3-scaled.jpg\" rel=\"noreferrer\" data-rel=\"iLightbox[gallery_image_5]\" class=\"fusion-lightbox\" target=\"_self\"><img decoding=\"async\" src=\"https:\/\/holzbau-vock.de\/wp-content\/uploads\/2020\/07\/Aufstockung_Gaube-3-320x202.jpg\" width=\"320\" height=\"202\" alt=\"Holzbau Vock Aufstockung Gaube\" title=\"Holzbau Vock Aufstockung Gaube\" aria-label=\"Holzbau Vock Aufstockung Gaube\" class=\"img-responsive wp-image-2115 fusion-gallery-image-size-fixed\" srcset=\"https:\/\/holzbau-vock.de\/wp-content\/uploads\/2020\/07\/Aufstockung_Gaube-3-320x202.jpg 320w, https:\/\/holzbau-vock.de\/wp-content\/uploads\/2020\/07\/Aufstockung_Gaube-3-700x441.jpg 700w\" sizes=\"(max-width: 320px) 100vw, 320px\" \/><\/a><\/div><\/div><div style=\"padding:5px;\" class=\"fusion-grid-column fusion-gallery-column fusion-gallery-column-4 hover-type-none\"><div class=\"fusion-gallery-image\"><a href=\"https:\/\/holzbau-vock.de\/wp-content\/uploads\/2020\/07\/Aufstockung_Gaube-2-scaled.jpg\" rel=\"noreferrer\" data-rel=\"iLightbox[gallery_image_5]\" class=\"fusion-lightbox\" target=\"_self\"><img decoding=\"async\" src=\"https:\/\/holzbau-vock.de\/wp-content\/uploads\/2020\/07\/Aufstockung_Gaube-2-320x202.jpg\" width=\"320\" height=\"202\" alt=\"Holzbau Vock Aufstockung Gaube\" title=\"Holzbau Vock Aufstockung Gaube\" aria-label=\"Holzbau Vock Aufstockung Gaube\" class=\"img-responsive wp-image-2114 fusion-gallery-image-size-fixed\" srcset=\"https:\/\/holzbau-vock.de\/wp-content\/uploads\/2020\/07\/Aufstockung_Gaube-2-320x202.jpg 320w, https:\/\/holzbau-vock.de\/wp-content\/uploads\/2020\/07\/Aufstockung_Gaube-2-700x441.jpg 700w\" sizes=\"(max-width: 320px) 100vw, 320px\" \/><\/a><\/div><\/div><div class=\"clearfix\"><\/div><\/div><\/div>\n<\/div><div class=\"nav fusion-mobile-tab-nav\"><ul class=\"nav-tabs\" role=\"tablist\"><li role=\"presentation\"><a class=\"tab-link\" data-toggle=\"tab\" role=\"tab\" aria-controls=\"tab-fe0e47bbbeec4990652\" aria-selected=\"false\" tabindex=\"-1\" id=\"mobile-fusion-tab-dachdeckung\" href=\"#tab-fe0e47bbbeec4990652\"><h4 class=\"fusion-tab-heading\">Dachdeckung<\/h4><\/a><\/li><\/ul><\/div><div class=\"tab-pane fade fusion-clearfix\" role=\"tabpanel\" tabindex=\"0\" aria-labelledby=\"fusion-tab-dachdeckung\" id=\"tab-fe0e47bbbeec4990652\">\n<h2 style=\"font-weight: 300; margin-top: -20px;\">Dachdeckarbeiten<\/h2>\n<p><img decoding=\"async\" class=\"wp-image-2053 size-medium alignright\" src=\"https:\/\/holzbau-vock.de\/wp-content\/uploads\/2020\/06\/Dachdeckerei_3-300x207.jpg\" alt=\"Holzbau Vock GmbH - Dackdecken\" width=\"300\" height=\"207\" srcset=\"https:\/\/holzbau-vock.de\/wp-content\/uploads\/2020\/06\/Dachdeckerei_3-200x138.jpg 200w, https:\/\/holzbau-vock.de\/wp-content\/uploads\/2020\/06\/Dachdeckerei_3-300x207.jpg 300w, https:\/\/holzbau-vock.de\/wp-content\/uploads\/2020\/06\/Dachdeckerei_3-400x276.jpg 400w, https:\/\/holzbau-vock.de\/wp-content\/uploads\/2020\/06\/Dachdeckerei_3-600x414.jpg 600w, https:\/\/holzbau-vock.de\/wp-content\/uploads\/2020\/06\/Dachdeckerei_3-768x530.jpg 768w, https:\/\/holzbau-vock.de\/wp-content\/uploads\/2020\/06\/Dachdeckerei_3-800x552.jpg 800w, https:\/\/holzbau-vock.de\/wp-content\/uploads\/2020\/06\/Dachdeckerei_3-1024x706.jpg 1024w, https:\/\/holzbau-vock.de\/wp-content\/uploads\/2020\/06\/Dachdeckerei_3-1536x1060.jpg 1536w\" sizes=\"(max-width: 300px) 100vw, 300px\" \/><\/p>\n<p>Blau? Grau? Oder doch lieber klassisch rot? Nicht nur bei der Farbe der Ziegel ist heute fast alles m\u00f6glich. Auch Form und Material k\u00f6nnen Sie w\u00e4hlen. Lassen Sie sich von uns individuell beraten, welche Eindeckung f\u00fcr Sie in Frage kommt &#8211; und profitieren Sie von unseren starken Partnern.<\/p>\n<p>Unser Leistungsangebot umfasst die Dachdeckung mit Beton- und Tonziegeln f\u00fcr Neubauten ebenso wie f\u00fcr die Dachsanierung. Zusammen mit unseren langj\u00e4hrigen Partnern setzen wir f\u00fcr Sie dar\u00fcber hinaus auch Stehfalzd\u00e4cher und Flachdachabdichtungen um.<\/p>\n<div class=\"fusion-sep-clear\"><\/div><div class=\"fusion-separator fusion-full-width-sep\" style=\"margin-left: auto;margin-right: auto;width:100%;\"><div class=\"fusion-separator-border sep-single\" style=\"border-color:#eae8e8;border-top-width:2px;\"><\/div><\/div><div class=\"fusion-sep-clear\"><\/div>\n<h3>Ob Sattel-, Pult- oder Walmdach &#8211; wir decken alle D\u00e4cher ein!<\/h3>\n<div class=\"awb-gallery-wrapper awb-gallery-wrapper-6 button-span-no\"><div style=\"margin:-5px;--awb-bordersize:0px;\" class=\"fusion-gallery fusion-gallery-container fusion-grid-4 fusion-columns-total-4 fusion-gallery-layout-grid fusion-gallery-6\"><div style=\"padding:5px;\" class=\"fusion-grid-column fusion-gallery-column fusion-gallery-column-4 hover-type-none\"><div class=\"fusion-gallery-image\"><a href=\"https:\/\/holzbau-vock.de\/wp-content\/uploads\/2020\/06\/Dachdeckerei_6-scaled.jpg\" rel=\"noreferrer\" data-rel=\"iLightbox[gallery_image_6]\" class=\"fusion-lightbox\" target=\"_self\"><img decoding=\"async\" src=\"https:\/\/holzbau-vock.de\/wp-content\/uploads\/2020\/06\/Dachdeckerei_6-scaled.jpg\" width=\"2560\" height=\"1707\" alt=\"Holzbau Vock GmbH - Dackdecken\" title=\"Holzbau Vock GmbH &#8211; Dackdecken\" aria-label=\"Holzbau Vock GmbH &#8211; Dackdecken\" class=\"img-responsive wp-image-2056\" srcset=\"https:\/\/holzbau-vock.de\/wp-content\/uploads\/2020\/06\/Dachdeckerei_6-200x133.jpg 200w, https:\/\/holzbau-vock.de\/wp-content\/uploads\/2020\/06\/Dachdeckerei_6-400x267.jpg 400w, https:\/\/holzbau-vock.de\/wp-content\/uploads\/2020\/06\/Dachdeckerei_6-600x400.jpg 600w, https:\/\/holzbau-vock.de\/wp-content\/uploads\/2020\/06\/Dachdeckerei_6-800x533.jpg 800w, https:\/\/holzbau-vock.de\/wp-content\/uploads\/2020\/06\/Dachdeckerei_6-scaled.jpg 2560w\" sizes=\"(min-width: 2200px) 100vw, (min-width: 916px) 309px, (min-width: 824px) 412px, (min-width: 732px) 618px, (min-width: 640px) 732px, \" \/><\/a><\/div><\/div><div style=\"padding:5px;\" class=\"fusion-grid-column fusion-gallery-column fusion-gallery-column-4 hover-type-none\"><div class=\"fusion-gallery-image\"><a href=\"https:\/\/holzbau-vock.de\/wp-content\/uploads\/2020\/06\/Dachdeckerei_5-scaled.jpg\" rel=\"noreferrer\" data-rel=\"iLightbox[gallery_image_6]\" class=\"fusion-lightbox\" target=\"_self\"><img decoding=\"async\" src=\"https:\/\/holzbau-vock.de\/wp-content\/uploads\/2020\/06\/Dachdeckerei_5-scaled.jpg\" width=\"2560\" height=\"1707\" alt=\"Holzbau Vock GmbH - Dackdecken\" title=\"Holzbau Vock GmbH &#8211; Dackdecken\" aria-label=\"Holzbau Vock GmbH &#8211; Dackdecken\" class=\"img-responsive wp-image-2055\" srcset=\"https:\/\/holzbau-vock.de\/wp-content\/uploads\/2020\/06\/Dachdeckerei_5-200x133.jpg 200w, https:\/\/holzbau-vock.de\/wp-content\/uploads\/2020\/06\/Dachdeckerei_5-400x267.jpg 400w, https:\/\/holzbau-vock.de\/wp-content\/uploads\/2020\/06\/Dachdeckerei_5-600x400.jpg 600w, https:\/\/holzbau-vock.de\/wp-content\/uploads\/2020\/06\/Dachdeckerei_5-800x533.jpg 800w, https:\/\/holzbau-vock.de\/wp-content\/uploads\/2020\/06\/Dachdeckerei_5-1200x800.jpg 1200w, https:\/\/holzbau-vock.de\/wp-content\/uploads\/2020\/06\/Dachdeckerei_5-scaled.jpg 2560w\" sizes=\"(min-width: 2200px) 100vw, (min-width: 916px) 309px, (min-width: 824px) 412px, (min-width: 732px) 618px, (min-width: 640px) 732px, \" \/><\/a><\/div><\/div><div style=\"padding:5px;\" class=\"fusion-grid-column fusion-gallery-column fusion-gallery-column-4 hover-type-none\"><div class=\"fusion-gallery-image\"><a href=\"https:\/\/holzbau-vock.de\/wp-content\/uploads\/2020\/06\/Dachdeckerei_1-scaled.jpg\" rel=\"noreferrer\" data-rel=\"iLightbox[gallery_image_6]\" class=\"fusion-lightbox\" target=\"_self\"><img decoding=\"async\" src=\"https:\/\/holzbau-vock.de\/wp-content\/uploads\/2020\/06\/Dachdeckerei_1-scaled.jpg\" width=\"2560\" height=\"1707\" alt=\"Holzbau Vock GmbH - Dackdecken\" title=\"Holzbau Vock GmbH &#8211; Dackdecken\" aria-label=\"Holzbau Vock GmbH &#8211; Dackdecken\" class=\"img-responsive wp-image-2050\" srcset=\"https:\/\/holzbau-vock.de\/wp-content\/uploads\/2020\/06\/Dachdeckerei_1-200x133.jpg 200w, https:\/\/holzbau-vock.de\/wp-content\/uploads\/2020\/06\/Dachdeckerei_1-400x267.jpg 400w, https:\/\/holzbau-vock.de\/wp-content\/uploads\/2020\/06\/Dachdeckerei_1-600x400.jpg 600w, https:\/\/holzbau-vock.de\/wp-content\/uploads\/2020\/06\/Dachdeckerei_1-800x533.jpg 800w, https:\/\/holzbau-vock.de\/wp-content\/uploads\/2020\/06\/Dachdeckerei_1-scaled.jpg 2560w\" sizes=\"(min-width: 2200px) 100vw, (min-width: 916px) 309px, (min-width: 824px) 412px, (min-width: 732px) 618px, (min-width: 640px) 732px, \" \/><\/a><\/div><\/div><div style=\"padding:5px;\" class=\"fusion-grid-column fusion-gallery-column fusion-gallery-column-4 hover-type-none\"><div class=\"fusion-gallery-image\"><a href=\"https:\/\/holzbau-vock.de\/wp-content\/uploads\/2020\/06\/Dachdeckerei_4-scaled.jpg\" rel=\"noreferrer\" data-rel=\"iLightbox[gallery_image_6]\" class=\"fusion-lightbox\" target=\"_self\"><img decoding=\"async\" src=\"https:\/\/holzbau-vock.de\/wp-content\/uploads\/2020\/06\/Dachdeckerei_4-scaled.jpg\" width=\"2560\" height=\"1707\" alt=\"Holzbau Vock GmbH - Dackdecken\" title=\"Holzbau Vock GmbH &#8211; Dackdecken\" aria-label=\"Holzbau Vock GmbH &#8211; Dackdecken\" class=\"img-responsive wp-image-2054\" srcset=\"https:\/\/holzbau-vock.de\/wp-content\/uploads\/2020\/06\/Dachdeckerei_4-200x133.jpg 200w, https:\/\/holzbau-vock.de\/wp-content\/uploads\/2020\/06\/Dachdeckerei_4-400x267.jpg 400w, https:\/\/holzbau-vock.de\/wp-content\/uploads\/2020\/06\/Dachdeckerei_4-600x400.jpg 600w, https:\/\/holzbau-vock.de\/wp-content\/uploads\/2020\/06\/Dachdeckerei_4-800x533.jpg 800w, https:\/\/holzbau-vock.de\/wp-content\/uploads\/2020\/06\/Dachdeckerei_4-scaled.jpg 2560w\" sizes=\"(min-width: 2200px) 100vw, (min-width: 916px) 309px, (min-width: 824px) 412px, (min-width: 732px) 618px, (min-width: 640px) 732px, \" \/><\/a><\/div><\/div><div class=\"clearfix\"><\/div><\/div><\/div>\n<\/div><div class=\"nav fusion-mobile-tab-nav\"><ul class=\"nav-tabs\" role=\"tablist\"><li role=\"presentation\"><a class=\"tab-link\" data-toggle=\"tab\" role=\"tab\" aria-controls=\"tab-935b93fd88759fb2486\" aria-selected=\"false\" tabindex=\"-1\" id=\"mobile-fusion-tab-d\u00e4mmung\" href=\"#tab-935b93fd88759fb2486\"><h4 class=\"fusion-tab-heading\">D\u00e4mmung<\/h4><\/a><\/li><\/ul><\/div><div class=\"tab-pane fade fusion-clearfix\" role=\"tabpanel\" tabindex=\"0\" aria-labelledby=\"fusion-tab-d\u00e4mmung\" id=\"tab-935b93fd88759fb2486\">\n<h2>Dachd\u00e4mmung<\/h2>\n<p>Sie m\u00f6chten Ihr Wohnklima verbessern und gleichzeitig Heizkosten sparen? Kein Problem. Wir d\u00e4mmen Ihr Zuhause mit hochwertigen und \u00f6kologisch sinnvollen D\u00e4mmstoffen, die Sie vor Hitze genauso zuverl\u00e4ssig sch\u00fctzen wie vor K\u00e4lte.\u00a0So kann ein gut ged\u00e4mmtes Dach bis zu 10 Liter Heiz\u00f6l pro Quadratmeter einsparen &#8211; das schont den Geldbeutel und gleichzeitig die Umwelt.<\/p>\n<div class=\"fusion-sep-clear\"><\/div><div class=\"fusion-separator fusion-full-width-sep\" style=\"margin-left: auto;margin-right: auto;width:100%;\"><div class=\"fusion-separator-border sep-single\" style=\"border-color:#eae8e8;border-top-width:2px;\"><\/div><\/div><div class=\"fusion-sep-clear\"><\/div>\n<h3>Energie und Geld sparen &#8211; wir d\u00e4mmen Ihr Zuhause nachhaltig<\/h3>\n<div class=\"awb-gallery-wrapper awb-gallery-wrapper-7 button-span-no\"><div style=\"margin:-5px;--awb-bordersize:0px;\" class=\"fusion-gallery fusion-gallery-container fusion-grid-4 fusion-columns-total-4 fusion-gallery-layout-grid fusion-gallery-7\"><div style=\"padding:5px;\" class=\"fusion-grid-column fusion-gallery-column fusion-gallery-column-4 hover-type-none\"><div class=\"fusion-gallery-image\"><a href=\"https:\/\/holzbau-vock.de\/wp-content\/uploads\/2020\/06\/Dachumbau-die-vierte-Woche-bis-2.6.2013-005-scaled.jpg\" rel=\"noreferrer\" data-rel=\"iLightbox[gallery_image_7]\" class=\"fusion-lightbox\" target=\"_self\"><img decoding=\"async\" src=\"https:\/\/holzbau-vock.de\/wp-content\/uploads\/2020\/06\/Dachumbau-die-vierte-Woche-bis-2.6.2013-005-320x202.jpg\" width=\"320\" height=\"202\" alt=\"Holzbau Vock GmbH - Dachd\u00e4mmung\" title=\"Holzbau Vock GmbH &#8211; Dachd\u00e4mmung\" aria-label=\"Holzbau Vock GmbH &#8211; Dachd\u00e4mmung\" class=\"img-responsive wp-image-2079 fusion-gallery-image-size-fixed\" srcset=\"https:\/\/holzbau-vock.de\/wp-content\/uploads\/2020\/06\/Dachumbau-die-vierte-Woche-bis-2.6.2013-005-320x202.jpg 320w, https:\/\/holzbau-vock.de\/wp-content\/uploads\/2020\/06\/Dachumbau-die-vierte-Woche-bis-2.6.2013-005-700x441.jpg 700w\" sizes=\"(max-width: 320px) 100vw, 320px\" \/><\/a><\/div><\/div><div style=\"padding:5px;\" class=\"fusion-grid-column fusion-gallery-column fusion-gallery-column-4 hover-type-none\"><div class=\"fusion-gallery-image\"><a href=\"https:\/\/holzbau-vock.de\/wp-content\/uploads\/2020\/06\/Dachumbau-die-f\u00fcnfte-Woche-bis-9.6.2013-016-scaled.jpg\" rel=\"noreferrer\" data-rel=\"iLightbox[gallery_image_7]\" class=\"fusion-lightbox\" target=\"_self\"><img decoding=\"async\" src=\"https:\/\/holzbau-vock.de\/wp-content\/uploads\/2020\/06\/Dachumbau-die-f\u00fcnfte-Woche-bis-9.6.2013-016-320x202.jpg\" width=\"320\" height=\"202\" alt=\"Holzbau Vock GmbH - Dachd\u00e4mmung\" title=\"Holzbau Vock GmbH &#8211; Dachd\u00e4mmung\" aria-label=\"Holzbau Vock GmbH &#8211; Dachd\u00e4mmung\" class=\"img-responsive wp-image-2077 fusion-gallery-image-size-fixed\" srcset=\"https:\/\/holzbau-vock.de\/wp-content\/uploads\/2020\/06\/Dachumbau-die-f\u00fcnfte-Woche-bis-9.6.2013-016-320x202.jpg 320w, https:\/\/holzbau-vock.de\/wp-content\/uploads\/2020\/06\/Dachumbau-die-f\u00fcnfte-Woche-bis-9.6.2013-016-700x441.jpg 700w\" sizes=\"(max-width: 320px) 100vw, 320px\" \/><\/a><\/div><\/div><div style=\"padding:5px;\" class=\"fusion-grid-column fusion-gallery-column fusion-gallery-column-4 hover-type-none\"><div class=\"fusion-gallery-image\"><a href=\"https:\/\/holzbau-vock.de\/wp-content\/uploads\/2020\/06\/IMG_3441.jpg\" rel=\"noreferrer\" data-rel=\"iLightbox[gallery_image_7]\" class=\"fusion-lightbox\" target=\"_self\"><img decoding=\"async\" src=\"https:\/\/holzbau-vock.de\/wp-content\/uploads\/2020\/06\/IMG_3441-320x202.jpg\" width=\"320\" height=\"202\" alt=\"Holzbau Vock GmbH - Dachd\u00e4mmung\" title=\"Holzbau Vock GmbH &#8211; Dachd\u00e4mmung\" aria-label=\"Holzbau Vock GmbH &#8211; Dachd\u00e4mmung\" class=\"img-responsive wp-image-2080 fusion-gallery-image-size-fixed\" srcset=\"https:\/\/holzbau-vock.de\/wp-content\/uploads\/2020\/06\/IMG_3441-320x202.jpg 320w, https:\/\/holzbau-vock.de\/wp-content\/uploads\/2020\/06\/IMG_3441-700x441.jpg 700w\" sizes=\"(max-width: 320px) 100vw, 320px\" \/><\/a><\/div><\/div><div style=\"padding:5px;\" class=\"fusion-grid-column fusion-gallery-column fusion-gallery-column-4 hover-type-none\"><div class=\"fusion-gallery-image\"><a href=\"https:\/\/holzbau-vock.de\/wp-content\/uploads\/2021\/09\/STEICOcell_Daemmung-scaled.jpg\" rel=\"noreferrer\" data-rel=\"iLightbox[gallery_image_7]\" class=\"fusion-lightbox\" target=\"_self\"><img decoding=\"async\" src=\"https:\/\/holzbau-vock.de\/wp-content\/uploads\/2021\/09\/STEICOcell_Daemmung-320x202.jpg\" width=\"320\" height=\"202\" alt=\"Holzbau Vock GmbH - Dachd\u00e4mmung\" title=\"Holzbau Vock GmbH &#8211; Dachd\u00e4mmung\" aria-label=\"Holzbau Vock GmbH &#8211; Dachd\u00e4mmung\" class=\"img-responsive wp-image-2154 fusion-gallery-image-size-fixed\" srcset=\"https:\/\/holzbau-vock.de\/wp-content\/uploads\/2021\/09\/STEICOcell_Daemmung-320x202.jpg 320w, https:\/\/holzbau-vock.de\/wp-content\/uploads\/2021\/09\/STEICOcell_Daemmung-700x441.jpg 700w\" sizes=\"(max-width: 320px) 100vw, 320px\" \/><\/a><\/div><\/div><div class=\"clearfix\"><\/div><\/div><\/div>\n<\/div><div class=\"nav fusion-mobile-tab-nav\"><ul class=\"nav-tabs\" role=\"tablist\"><li role=\"presentation\"><a class=\"tab-link\" data-toggle=\"tab\" role=\"tab\" aria-controls=\"tab-29b61e6a4d235fb26c5\" aria-selected=\"false\" tabindex=\"-1\" id=\"mobile-fusion-tab-dachfenster\" href=\"#tab-29b61e6a4d235fb26c5\"><h4 class=\"fusion-tab-heading\">Dachfenster<\/h4><\/a><\/li><\/ul><\/div><div class=\"tab-pane fade fusion-clearfix\" role=\"tabpanel\" tabindex=\"0\" aria-labelledby=\"fusion-tab-dachfenster\" id=\"tab-29b61e6a4d235fb26c5\">\n<h2>Dachfl\u00e4chenfenster<\/h2>\n<p>Sie w\u00fcnschen sich mehr Licht und frische Luft in Ihrer Wohnung? Dann setzen Sie auf die modernen Fenster unserer Partner Velux und Roto. Egal, ob Sie ein altes Dachfl\u00e4chenfenster austauschen oder ein neues in Ihr Dach einsetzen m\u00f6chten: Wir\u00a0 garantieren Ihnen beste Funktionalit\u00e4t und klare Sicht &#8211; f\u00fcr eine harmonische Wohnatmosph\u00e4re.<\/p>\n<p>Auch Zubeh\u00f6r f\u00fcr Ihre Dachfl\u00e4chenfenster wie Au\u00dfenroll\u00e4den bringen wir gerne f\u00fcr Sie an.<\/p>\n<h3><div class=\"fusion-sep-clear\"><\/div><div class=\"fusion-separator fusion-full-width-sep\" style=\"margin-left: auto;margin-right: auto;width:100%;\"><div class=\"fusion-separator-border sep-single\" style=\"border-color:#eae8e8;border-top-width:2px;\"><\/div><\/div><div class=\"fusion-sep-clear\"><\/div><\/h3>\n<h3>Wir lassen Licht in Ihr Zuhause &#8211; mit perfekt montieren Dachfenstern!<\/h3>\n<div class=\"awb-gallery-wrapper awb-gallery-wrapper-8 button-span-no\"><div style=\"margin:-5px;--awb-bordersize:0px;\" class=\"fusion-gallery fusion-gallery-container fusion-grid-3 fusion-columns-total-3 fusion-gallery-layout-grid fusion-gallery-8\"><div style=\"padding:5px;\" class=\"fusion-grid-column fusion-gallery-column fusion-gallery-column-3 hover-type-none\"><div class=\"fusion-gallery-image\"><a href=\"https:\/\/holzbau-vock.de\/wp-content\/uploads\/2020\/06\/Dachfl\u00e4chenfenster_0-scaled.jpg\" rel=\"noreferrer\" data-rel=\"iLightbox[gallery_image_8]\" class=\"fusion-lightbox\" target=\"_self\"><img decoding=\"async\" src=\"https:\/\/holzbau-vock.de\/wp-content\/uploads\/2020\/06\/Dachfl\u00e4chenfenster_0-scaled.jpg\" width=\"2560\" height=\"1707\" alt=\"Holzbau Vock GmbH - Dachfl\u00e4chenfenster\" title=\"Holzbau Vock GmbH &#8211; Dachfl\u00e4chenfenster\" aria-label=\"Holzbau Vock GmbH &#8211; Dachfl\u00e4chenfenster\" class=\"img-responsive wp-image-2029\" srcset=\"https:\/\/holzbau-vock.de\/wp-content\/uploads\/2020\/06\/Dachfl\u00e4chenfenster_0-200x133.jpg 200w, https:\/\/holzbau-vock.de\/wp-content\/uploads\/2020\/06\/Dachfl\u00e4chenfenster_0-400x267.jpg 400w, https:\/\/holzbau-vock.de\/wp-content\/uploads\/2020\/06\/Dachfl\u00e4chenfenster_0-600x400.jpg 600w, https:\/\/holzbau-vock.de\/wp-content\/uploads\/2020\/06\/Dachfl\u00e4chenfenster_0-800x533.jpg 800w, https:\/\/holzbau-vock.de\/wp-content\/uploads\/2020\/06\/Dachfl\u00e4chenfenster_0-scaled.jpg 2560w\" sizes=\"(min-width: 2200px) 100vw, (min-width: 824px) 413px, (min-width: 732px) 620px, (min-width: 640px) 732px, \" \/><\/a><\/div><\/div><div style=\"padding:5px;\" class=\"fusion-grid-column fusion-gallery-column fusion-gallery-column-3 hover-type-none\"><div class=\"fusion-gallery-image\"><a href=\"https:\/\/holzbau-vock.de\/wp-content\/uploads\/2020\/06\/Dachfl\u00e4chenfenster_4-scaled.jpg\" rel=\"noreferrer\" data-rel=\"iLightbox[gallery_image_8]\" class=\"fusion-lightbox\" target=\"_self\"><img decoding=\"async\" src=\"https:\/\/holzbau-vock.de\/wp-content\/uploads\/2020\/06\/Dachfl\u00e4chenfenster_4-scaled.jpg\" width=\"2560\" height=\"1707\" alt=\"Holzbau Vock GmbH - Dachfl\u00e4chenfenster\" title=\"Holzbau Vock GmbH &#8211; Dachfl\u00e4chenfenster\" aria-label=\"Holzbau Vock GmbH &#8211; Dachfl\u00e4chenfenster\" class=\"img-responsive wp-image-2025\" srcset=\"https:\/\/holzbau-vock.de\/wp-content\/uploads\/2020\/06\/Dachfl\u00e4chenfenster_4-200x133.jpg 200w, https:\/\/holzbau-vock.de\/wp-content\/uploads\/2020\/06\/Dachfl\u00e4chenfenster_4-400x267.jpg 400w, https:\/\/holzbau-vock.de\/wp-content\/uploads\/2020\/06\/Dachfl\u00e4chenfenster_4-600x400.jpg 600w, https:\/\/holzbau-vock.de\/wp-content\/uploads\/2020\/06\/Dachfl\u00e4chenfenster_4-800x533.jpg 800w, https:\/\/holzbau-vock.de\/wp-content\/uploads\/2020\/06\/Dachfl\u00e4chenfenster_4-scaled.jpg 2560w\" sizes=\"(min-width: 2200px) 100vw, (min-width: 824px) 413px, (min-width: 732px) 620px, (min-width: 640px) 732px, \" \/><\/a><\/div><\/div><div style=\"padding:5px;\" class=\"fusion-grid-column fusion-gallery-column fusion-gallery-column-3 hover-type-none\"><div class=\"fusion-gallery-image\"><a href=\"https:\/\/holzbau-vock.de\/wp-content\/uploads\/2020\/06\/Dachfl\u00e4chenfenster_1-scaled.jpg\" rel=\"noreferrer\" data-rel=\"iLightbox[gallery_image_8]\" class=\"fusion-lightbox\" target=\"_self\"><img decoding=\"async\" src=\"https:\/\/holzbau-vock.de\/wp-content\/uploads\/2020\/06\/Dachfl\u00e4chenfenster_1-scaled.jpg\" width=\"2560\" height=\"1707\" alt=\"Holzbau Vock GmbH - Dachfl\u00e4chenfenster\" title=\"Holzbau Vock GmbH &#8211; Dachfl\u00e4chenfenster\" aria-label=\"Holzbau Vock GmbH &#8211; Dachfl\u00e4chenfenster\" class=\"img-responsive wp-image-2024\" srcset=\"https:\/\/holzbau-vock.de\/wp-content\/uploads\/2020\/06\/Dachfl\u00e4chenfenster_1-200x133.jpg 200w, https:\/\/holzbau-vock.de\/wp-content\/uploads\/2020\/06\/Dachfl\u00e4chenfenster_1-400x267.jpg 400w, https:\/\/holzbau-vock.de\/wp-content\/uploads\/2020\/06\/Dachfl\u00e4chenfenster_1-600x400.jpg 600w, https:\/\/holzbau-vock.de\/wp-content\/uploads\/2020\/06\/Dachfl\u00e4chenfenster_1-800x533.jpg 800w, https:\/\/holzbau-vock.de\/wp-content\/uploads\/2020\/06\/Dachfl\u00e4chenfenster_1-scaled.jpg 2560w\" sizes=\"(min-width: 2200px) 100vw, (min-width: 824px) 413px, (min-width: 732px) 620px, (min-width: 640px) 732px, \" \/><\/a><\/div><\/div><div class=\"clearfix\"><\/div><\/div><\/div>\n<\/div><div class=\"nav fusion-mobile-tab-nav\"><ul class=\"nav-tabs\" role=\"tablist\"><li role=\"presentation\"><a class=\"tab-link\" data-toggle=\"tab\" role=\"tab\" aria-controls=\"tab-ac149ccac98ce6ea29a\" aria-selected=\"false\" tabindex=\"-1\" id=\"mobile-fusion-tab-spenglerei\" href=\"#tab-ac149ccac98ce6ea29a\"><h4 class=\"fusion-tab-heading\">Spenglerei<\/h4><\/a><\/li><\/ul><\/div><div class=\"tab-pane fade fusion-clearfix\" role=\"tabpanel\" tabindex=\"0\" aria-labelledby=\"fusion-tab-spenglerei\" id=\"tab-ac149ccac98ce6ea29a\">\n<h2>Spenglerarbeiten<\/h2>\n<p>Ob Dachrinnen aus Zink f\u00fcr eine reibungslose Entw\u00e4sserung, Fanggitter aus Stahl gegen ein Abrutschen von Schnee oder eine Gaube aus Kupfer als moderner Akzent f\u00fcr Ihr Dach: Wir bieten Ihnen umfassende Spenglerarbeiten mit hochwertigen Metallen rund um Ihr Zuhause &#8211; im Rahmen Ihres Bauvorhabens.<\/p>\n<h3><div class=\"fusion-sep-clear\"><\/div><div class=\"fusion-separator fusion-full-width-sep\" style=\"margin-left: auto;margin-right: auto;width:100%;\"><div class=\"fusion-separator-border sep-single\" style=\"border-color:#eae8e8;border-top-width:2px;\"><\/div><\/div><div class=\"fusion-sep-clear\"><\/div><\/h3>\n<h3>Mehr Glanz f\u00fcr Ihr Dach &#8211; dank Spenglerei auf\u00a0 Top-Niveau<\/h3>\n<div class=\"awb-gallery-wrapper awb-gallery-wrapper-9 button-span-no\"><div style=\"margin:-5px;--awb-bordersize:0px;\" class=\"fusion-gallery fusion-gallery-container fusion-grid-3 fusion-columns-total-3 fusion-gallery-layout-grid fusion-gallery-9\"><div style=\"padding:5px;\" class=\"fusion-grid-column fusion-gallery-column fusion-gallery-column-3 hover-type-none\"><div class=\"fusion-gallery-image\"><a href=\"https:\/\/holzbau-vock.de\/wp-content\/uploads\/2020\/06\/Speng1.jpg\" rel=\"noreferrer\" data-rel=\"iLightbox[gallery_image_9]\" class=\"fusion-lightbox\" target=\"_self\"><img decoding=\"async\" src=\"https:\/\/holzbau-vock.de\/wp-content\/uploads\/2020\/06\/Speng1.jpg\" width=\"1404\" height=\"2048\" alt=\"Holzbau Vock GmbH - Spenglerei\" title=\"Holzbau Vock GmbH &#8211; Spenglerei\" aria-label=\"Holzbau Vock GmbH &#8211; Spenglerei\" class=\"img-responsive wp-image-2039\" srcset=\"https:\/\/holzbau-vock.de\/wp-content\/uploads\/2020\/06\/Speng1-200x292.jpg 200w, https:\/\/holzbau-vock.de\/wp-content\/uploads\/2020\/06\/Speng1-400x583.jpg 400w, https:\/\/holzbau-vock.de\/wp-content\/uploads\/2020\/06\/Speng1-600x875.jpg 600w, https:\/\/holzbau-vock.de\/wp-content\/uploads\/2020\/06\/Speng1-800x1167.jpg 800w, https:\/\/holzbau-vock.de\/wp-content\/uploads\/2020\/06\/Speng1-1200x1750.jpg 1200w, https:\/\/holzbau-vock.de\/wp-content\/uploads\/2020\/06\/Speng1.jpg 1404w\" sizes=\"(min-width: 2200px) 100vw, (min-width: 824px) 413px, (min-width: 732px) 620px, (min-width: 640px) 732px, \" \/><\/a><\/div><\/div><div style=\"padding:5px;\" class=\"fusion-grid-column fusion-gallery-column fusion-gallery-column-3 hover-type-none\"><div class=\"fusion-gallery-image\"><a href=\"https:\/\/holzbau-vock.de\/wp-content\/uploads\/2020\/06\/Speng2.jpg\" rel=\"noreferrer\" data-rel=\"iLightbox[gallery_image_9]\" class=\"fusion-lightbox\" target=\"_self\"><img decoding=\"async\" src=\"https:\/\/holzbau-vock.de\/wp-content\/uploads\/2020\/06\/Speng2.jpg\" width=\"1404\" height=\"2048\" alt=\"Holzbau Vock GmbH - Spenglerei\" title=\"Holzbau Vock GmbH &#8211; Spenglerei\" aria-label=\"Holzbau Vock GmbH &#8211; Spenglerei\" class=\"img-responsive wp-image-2040\" srcset=\"https:\/\/holzbau-vock.de\/wp-content\/uploads\/2020\/06\/Speng2-200x292.jpg 200w, https:\/\/holzbau-vock.de\/wp-content\/uploads\/2020\/06\/Speng2-400x583.jpg 400w, https:\/\/holzbau-vock.de\/wp-content\/uploads\/2020\/06\/Speng2-600x875.jpg 600w, https:\/\/holzbau-vock.de\/wp-content\/uploads\/2020\/06\/Speng2-800x1167.jpg 800w, https:\/\/holzbau-vock.de\/wp-content\/uploads\/2020\/06\/Speng2-1200x1750.jpg 1200w, https:\/\/holzbau-vock.de\/wp-content\/uploads\/2020\/06\/Speng2.jpg 1404w\" sizes=\"(min-width: 2200px) 100vw, (min-width: 824px) 413px, (min-width: 732px) 620px, (min-width: 640px) 732px, \" \/><\/a><\/div><\/div><div style=\"padding:5px;\" class=\"fusion-grid-column fusion-gallery-column fusion-gallery-column-3 hover-type-none\"><div class=\"fusion-gallery-image\"><a href=\"https:\/\/holzbau-vock.de\/wp-content\/uploads\/2020\/06\/Speng_3.jpg\" rel=\"noreferrer\" data-rel=\"iLightbox[gallery_image_9]\" class=\"fusion-lightbox\" target=\"_self\"><img decoding=\"async\" src=\"https:\/\/holzbau-vock.de\/wp-content\/uploads\/2020\/06\/Speng_3.jpg\" width=\"1404\" height=\"2048\" alt=\"Holzbau Vock GmbH - Spenglerei\" title=\"Holzbau Vock GmbH &#8211; Spenglerei\" aria-label=\"Holzbau Vock GmbH &#8211; Spenglerei\" class=\"img-responsive wp-image-2038\" srcset=\"https:\/\/holzbau-vock.de\/wp-content\/uploads\/2020\/06\/Speng_3-200x292.jpg 200w, https:\/\/holzbau-vock.de\/wp-content\/uploads\/2020\/06\/Speng_3-400x583.jpg 400w, https:\/\/holzbau-vock.de\/wp-content\/uploads\/2020\/06\/Speng_3-600x875.jpg 600w, https:\/\/holzbau-vock.de\/wp-content\/uploads\/2020\/06\/Speng_3-800x1167.jpg 800w, https:\/\/holzbau-vock.de\/wp-content\/uploads\/2020\/06\/Speng_3-1200x1750.jpg 1200w, https:\/\/holzbau-vock.de\/wp-content\/uploads\/2020\/06\/Speng_3.jpg 1404w\" sizes=\"(min-width: 2200px) 100vw, (min-width: 824px) 413px, (min-width: 732px) 620px, (min-width: 640px) 732px, \" \/><\/a><\/div><\/div><div class=\"clearfix\"><\/div><\/div><\/div><\/div><div class=\"nav fusion-mobile-tab-nav\"><ul class=\"nav-tabs\" role=\"tablist\"><li role=\"presentation\"><a class=\"tab-link\" data-toggle=\"tab\" role=\"tab\" aria-controls=\"tab-8c51c0b49d938153ab9\" aria-selected=\"false\" tabindex=\"-1\" id=\"mobile-fusion-tab-bauservice\" href=\"#tab-8c51c0b49d938153ab9\"><h4 class=\"fusion-tab-heading\">Bauservice<\/h4><\/a><\/li><\/ul><\/div><div class=\"tab-pane fade fusion-clearfix\" role=\"tabpanel\" tabindex=\"0\" aria-labelledby=\"fusion-tab-bauservice\" id=\"tab-8c51c0b49d938153ab9\">\n<h2>Baustelleneinrichtung<\/h2>\n<p>Reibungslose Abl\u00e4ufe sind das Fundament f\u00fcr schnelle und erfolgreiche Bauarbeiten. Seit Jahrzehnten setzen wir daher auf einen modernen Maschinenpark: Mit eigenen Ger\u00fcsten, drei portablen Kr\u00e4nen und Tiefladern bringen wir Mensch und Material sicher an ihr Ziel &#8211; und erm\u00f6glichen einen Rundum-Baustellenservice aus einer Hand.<\/p>\n<h3><div class=\"fusion-sep-clear\"><\/div><div class=\"fusion-separator fusion-full-width-sep\" style=\"margin-left: auto;margin-right: auto;width:100%;\"><div class=\"fusion-separator-border sep-single\" style=\"border-color:#eae8e8;border-top-width:2px;\"><\/div><\/div><div class=\"fusion-sep-clear\"><\/div><\/h3>\n<h3>Vom Lkw \u00fcber Ger\u00fcst bis zum Kran &#8211; wir bieten Ihnen das Komplettpaket!<\/h3>\n<div class=\"awb-gallery-wrapper awb-gallery-wrapper-10 button-span-no\"><div style=\"margin:-5px;--awb-bordersize:0px;\" class=\"fusion-gallery fusion-gallery-container fusion-grid-1 fusion-columns-total-1 fusion-gallery-layout-grid fusion-gallery-10\"><div style=\"padding:5px;\" class=\"fusion-grid-column fusion-gallery-column fusion-gallery-column-1 hover-type-none\"><div class=\"fusion-gallery-image\"><a href=\"https:\/\/holzbau-vock.de\/wp-content\/uploads\/2020\/06\/Baustellenservice.jpg\" rel=\"noreferrer\" data-rel=\"iLightbox[gallery_image_10]\" class=\"fusion-lightbox\" target=\"_self\"><img decoding=\"async\" src=\"https:\/\/holzbau-vock.de\/wp-content\/uploads\/2020\/06\/Baustellenservice.jpg\" width=\"2016\" height=\"1512\" alt=\"Holzbau Vock GmbH - Bauservice\" title=\"Holzbau Vock GmbH &#8211; Bauservice\" aria-label=\"Holzbau Vock GmbH &#8211; Bauservice\" class=\"img-responsive wp-image-2042\" srcset=\"https:\/\/holzbau-vock.de\/wp-content\/uploads\/2020\/06\/Baustellenservice-200x150.jpg 200w, https:\/\/holzbau-vock.de\/wp-content\/uploads\/2020\/06\/Baustellenservice-400x300.jpg 400w, https:\/\/holzbau-vock.de\/wp-content\/uploads\/2020\/06\/Baustellenservice-600x450.jpg 600w, https:\/\/holzbau-vock.de\/wp-content\/uploads\/2020\/06\/Baustellenservice-800x600.jpg 800w, https:\/\/holzbau-vock.de\/wp-content\/uploads\/2020\/06\/Baustellenservice-1200x900.jpg 1200w, https:\/\/holzbau-vock.de\/wp-content\/uploads\/2020\/06\/Baustellenservice.jpg 2016w\" sizes=\"(min-width: 2200px) 100vw, (min-width: 640px) 1250px, \" \/><\/a><\/div><\/div><div class=\"clearfix\"><\/div><\/div><\/div>\n<\/div><div class=\"nav fusion-mobile-tab-nav\"><ul class=\"nav-tabs\" role=\"tablist\"><li role=\"presentation\"><a class=\"tab-link\" data-toggle=\"tab\" role=\"tab\" aria-controls=\"tab-ae73e01fff8da9cc4fc\" aria-selected=\"false\" tabindex=\"-1\" id=\"mobile-fusion-tab-planung\" href=\"#tab-ae73e01fff8da9cc4fc\"><h4 class=\"fusion-tab-heading\">Planung<\/h4><\/a><\/li><\/ul><\/div><div class=\"tab-pane fade fusion-clearfix\" role=\"tabpanel\" tabindex=\"0\" aria-labelledby=\"fusion-tab-planung\" id=\"tab-ae73e01fff8da9cc4fc\">\n<h2>Planung<\/h2>\n<p><img decoding=\"async\" class=\"alignright wp-image-1732 size-medium\" src=\"https:\/\/holzbau-vock.de\/wp-content\/uploads\/2018\/03\/planung_286x300_cut-300x286.jpg\" alt=\"\" width=\"300\" height=\"286\" srcset=\"https:\/\/holzbau-vock.de\/wp-content\/uploads\/2018\/03\/planung_286x300_cut-200x191.jpg 200w, https:\/\/holzbau-vock.de\/wp-content\/uploads\/2018\/03\/planung_286x300_cut.jpg 300w\" sizes=\"(max-width: 300px) 100vw, 300px\" \/>Ob Aufstockung, Gaube oder Dachkomplettl\u00f6sung &#8211; mit Stefan Vock steht Ihnen ein kompetenter Partner f\u00fcr Ihre Planung zur Seite. Der studierte Bauingenieur unterst\u00fctzt Sie vom ersten Entwurf, \u00fcber die Genehmigung bis hin zur finalen Werkplanung.<\/p>\n<p><span style=\"color: #607d8b;\"><u><a style=\"color: #607d8b;\" href=\"https:\/\/holzbau-vock.de\/index.php\/angebot\/\" target=\"_blank\" rel=\"noopener noreferrer\">Lassen Sie sich individuell beraten!<\/a><\/u><\/span><\/p>\n<\/div><\/div><\/div><div class=\"fusion-clearfix\"><\/div><\/div><\/div><\/div><\/div><div class=\"fusion-fullwidth fullwidth-box fusion-builder-row-4 nonhundred-percent-fullwidth non-hundred-percent-height-scrolling\" style=\"--awb-background-position:left top;--awb-border-radius-top-left:0px;--awb-border-radius-top-right:0px;--awb-border-radius-bottom-right:0px;--awb-border-radius-bottom-left:0px;--awb-padding-top:0px;--awb-padding-bottom:70px;--awb-background-color:#f5f5f5;--awb-border-sizes-top:0px;--awb-border-sizes-bottom:0px;\" ><div class=\"fusion-builder-row fusion-row\"><div class=\"fusion-layout-column fusion_builder_column fusion-builder-column-3 fusion_builder_column_1_1 1_1 fusion-one-full fusion-column-first fusion-column-last\" style=\"--awb-bg-size:cover;\"><div class=\"fusion-column-wrapper fusion-flex-column-wrapper-legacy\"><div class=\"fusion-section-separator section-separator big-half-circle fusion-section-separator-1\" style=\"--awb-spacer-height:99px;--awb-svg-margin-left:0;--awb-svg-margin-right:0;--awb-divider-height:99px;--awb-spacer-padding-top:inherit;--awb-sep-padding:0;--awb-svg-padding:0;\"><div class=\"fusion-section-separator-svg\"><svg class=\"fusion-big-half-circle-candy\" xmlns=\"http:\/\/www.w3.org\/2000\/svg\" version=\"1.1\" width=\"100%\" height=\"100\" viewBox=\"0 0 100 100\" preserveAspectRatio=\"none\" fill=\"rgba(255,255,255,1)\"><path d=\"M0 0 C55 180 100 0 100 0 Z\"><\/path><\/svg><\/div><div class=\"fusion-section-separator-spacer\"><div class=\"fusion-section-separator-spacer-height\"><\/div><\/div><\/div><div class=\"fusion-sep-clear\"><\/div><div class=\"fusion-separator fusion-full-width-sep\" style=\"margin-left: auto;margin-right: auto;margin-top:80px;width:100%;\"><\/div><div class=\"fusion-sep-clear\"><\/div><div class=\"fusion-clearfix\"><\/div><\/div><\/div><div class=\"fusion-layout-column fusion_builder_column fusion-builder-column-4 fusion_builder_column_1_1 1_1 fusion-one-full fusion-column-first fusion-column-last\" style=\"--awb-padding-right:15%;--awb-padding-left:15%;--awb-bg-size:cover;\"><div class=\"fusion-column-wrapper fusion-flex-column-wrapper-legacy\"><div class=\"fusion-text fusion-text-2\"><h2 style=\"font-weight: 300; text-align: center;\">Unsere Partner<\/h2>\n<\/div><div class=\"fusion-sep-clear\"><\/div><div class=\"fusion-separator\" style=\"margin-left: auto;margin-right: auto;margin-top:0px;margin-bottom:30px;width:100%;max-width:206px;\"><div class=\"fusion-separator-border sep-single sep-solid\" style=\"border-color:#deb887;border-top-width:2px;\"><\/div><\/div><div class=\"fusion-sep-clear\"><\/div><div class=\"fusion-text fusion-text-3\"><p style=\"text-align: center;\">Bei unserer Arbeit setzen wir seit vielen Jahren auf die Qualit\u00e4tsprodukte und das Know-How verschiedener Partner.<\/p>\n<\/div><div class=\"fusion-sep-clear\"><\/div><div class=\"fusion-separator fusion-full-width-sep\" style=\"margin-left: auto;margin-right: auto;margin-top:30px;width:100%;\"><\/div><div class=\"fusion-sep-clear\"><\/div><div class=\"fusion-clearfix\"><\/div><\/div><\/div><div class=\"fusion-layout-column fusion_builder_column fusion-builder-column-5 fusion_builder_column_1_1 1_1 fusion-one-full fusion-column-first fusion-column-last\" style=\"--awb-bg-size:cover;\"><div class=\"fusion-column-wrapper fusion-flex-column-wrapper-legacy\"><div class=\"fusion-image-carousel fusion-image-carousel-auto fusion-image-carousel-1\"><div class=\"awb-carousel awb-swiper awb-swiper-carousel\" data-autoplay=\"yes\" data-columns=\"6\" data-itemmargin=\"40\" data-itemwidth=\"180\" data-touchscroll=\"yes\" data-imagesize=\"auto\" data-scrollitems=\"1\" style=\"--awb-columns:6;--awb-column-spacing:40px;\"><div class=\"swiper-wrapper fusion-flex-align-items-center\"><div class=\"swiper-slide\"><div class=\"fusion-carousel-item-wrapper\"><div class=\"fusion-image-wrapper hover-type-none\"><img decoding=\"async\" width=\"450\" height=\"139\" src=\"https:\/\/holzbau-vock.de\/wp-content\/uploads\/2018\/03\/Rockwool_Logo.png\" class=\"attachment-full size-full\" alt=\"Rockwool - Patner der Holzbau Vock GmbH\" srcset=\"https:\/\/holzbau-vock.de\/wp-content\/uploads\/2018\/03\/Rockwool_Logo-200x62.png 200w, https:\/\/holzbau-vock.de\/wp-content\/uploads\/2018\/03\/Rockwool_Logo-400x124.png 400w, https:\/\/holzbau-vock.de\/wp-content\/uploads\/2018\/03\/Rockwool_Logo.png 450w\" sizes=\"(min-width: 2200px) 100vw, (min-width: 1100px) 175px, (min-width: 1008px) 210px, (min-width: 916px) 263px, (min-width: 824px) 350px, (min-width: 732px) 525px, (min-width: 640px) 732px, \" \/><\/div><\/div><\/div><div class=\"swiper-slide\"><div class=\"fusion-carousel-item-wrapper\"><div class=\"fusion-image-wrapper hover-type-none\"><img decoding=\"async\" width=\"1113\" height=\"361\" src=\"https:\/\/holzbau-vock.de\/wp-content\/uploads\/2018\/03\/Logo_ISOVER_SG_gelb_grau_ohne_UZ.jpg\" class=\"attachment-full size-full\" alt=\"ISOVER - Partner der Holzbau Vock GmbH\" srcset=\"https:\/\/holzbau-vock.de\/wp-content\/uploads\/2018\/03\/Logo_ISOVER_SG_gelb_grau_ohne_UZ-200x65.jpg 200w, https:\/\/holzbau-vock.de\/wp-content\/uploads\/2018\/03\/Logo_ISOVER_SG_gelb_grau_ohne_UZ-400x130.jpg 400w, https:\/\/holzbau-vock.de\/wp-content\/uploads\/2018\/03\/Logo_ISOVER_SG_gelb_grau_ohne_UZ-600x195.jpg 600w, https:\/\/holzbau-vock.de\/wp-content\/uploads\/2018\/03\/Logo_ISOVER_SG_gelb_grau_ohne_UZ-800x259.jpg 800w, https:\/\/holzbau-vock.de\/wp-content\/uploads\/2018\/03\/Logo_ISOVER_SG_gelb_grau_ohne_UZ.jpg 1113w\" sizes=\"(min-width: 2200px) 100vw, (min-width: 1100px) 175px, (min-width: 1008px) 210px, (min-width: 916px) 263px, (min-width: 824px) 350px, (min-width: 732px) 525px, (min-width: 640px) 732px, \" \/><\/div><\/div><\/div><div class=\"swiper-slide\"><div class=\"fusion-carousel-item-wrapper\"><div class=\"fusion-image-wrapper hover-type-none\"><img decoding=\"async\" width=\"803\" height=\"366\" src=\"https:\/\/holzbau-vock.de\/wp-content\/uploads\/2018\/03\/Logo_Puren.png\" class=\"attachment-full size-full\" alt=\"Puren - Patner der Holzbau Vock GmbH\" srcset=\"https:\/\/holzbau-vock.de\/wp-content\/uploads\/2018\/03\/Logo_Puren-200x91.png 200w, https:\/\/holzbau-vock.de\/wp-content\/uploads\/2018\/03\/Logo_Puren-400x182.png 400w, https:\/\/holzbau-vock.de\/wp-content\/uploads\/2018\/03\/Logo_Puren-600x273.png 600w, https:\/\/holzbau-vock.de\/wp-content\/uploads\/2018\/03\/Logo_Puren-800x365.png 800w, https:\/\/holzbau-vock.de\/wp-content\/uploads\/2018\/03\/Logo_Puren.png 803w\" sizes=\"(min-width: 2200px) 100vw, (min-width: 1100px) 175px, (min-width: 1008px) 210px, (min-width: 916px) 263px, (min-width: 824px) 350px, (min-width: 732px) 525px, (min-width: 640px) 732px, \" \/><\/div><\/div><\/div><div class=\"swiper-slide\"><div class=\"fusion-carousel-item-wrapper\"><div class=\"fusion-image-wrapper hover-type-none\"><img decoding=\"async\" width=\"800\" height=\"358\" src=\"https:\/\/holzbau-vock.de\/wp-content\/uploads\/2018\/03\/Braas_Logo.png\" class=\"attachment-full size-full\" alt=\"Braas - Patner der Holzbau Vock GmbH\" srcset=\"https:\/\/holzbau-vock.de\/wp-content\/uploads\/2018\/03\/Braas_Logo-200x90.png 200w, https:\/\/holzbau-vock.de\/wp-content\/uploads\/2018\/03\/Braas_Logo-400x179.png 400w, https:\/\/holzbau-vock.de\/wp-content\/uploads\/2018\/03\/Braas_Logo-600x269.png 600w, https:\/\/holzbau-vock.de\/wp-content\/uploads\/2018\/03\/Braas_Logo.png 800w\" sizes=\"(min-width: 2200px) 100vw, (min-width: 1100px) 175px, (min-width: 1008px) 210px, (min-width: 916px) 263px, (min-width: 824px) 350px, (min-width: 732px) 525px, (min-width: 640px) 732px, \" \/><\/div><\/div><\/div><div class=\"swiper-slide\"><div class=\"fusion-carousel-item-wrapper\"><div class=\"fusion-image-wrapper hover-type-none\"><img decoding=\"async\" width=\"800\" height=\"126\" src=\"https:\/\/holzbau-vock.de\/wp-content\/uploads\/2018\/03\/Logo_Creaton.jpg\" class=\"attachment-full size-full\" alt=\"Creaton - Patner der Holzbau Vock GmbH\" srcset=\"https:\/\/holzbau-vock.de\/wp-content\/uploads\/2018\/03\/Logo_Creaton-200x32.jpg 200w, https:\/\/holzbau-vock.de\/wp-content\/uploads\/2018\/03\/Logo_Creaton-400x63.jpg 400w, https:\/\/holzbau-vock.de\/wp-content\/uploads\/2018\/03\/Logo_Creaton-600x95.jpg 600w, https:\/\/holzbau-vock.de\/wp-content\/uploads\/2018\/03\/Logo_Creaton.jpg 800w\" sizes=\"(min-width: 2200px) 100vw, (min-width: 1100px) 175px, (min-width: 1008px) 210px, (min-width: 916px) 263px, (min-width: 824px) 350px, (min-width: 732px) 525px, (min-width: 640px) 732px, \" \/><\/div><\/div><\/div><div class=\"swiper-slide\"><div class=\"fusion-carousel-item-wrapper\"><div class=\"fusion-image-wrapper hover-type-none\"><img decoding=\"async\" width=\"2000\" height=\"693\" src=\"https:\/\/holzbau-vock.de\/wp-content\/uploads\/2018\/03\/Logo_Velux.png\" class=\"attachment-full size-full\" alt=\"Velux - Patner der Holzbau Vock GmbH\" srcset=\"https:\/\/holzbau-vock.de\/wp-content\/uploads\/2018\/03\/Logo_Velux-200x69.png 200w, https:\/\/holzbau-vock.de\/wp-content\/uploads\/2018\/03\/Logo_Velux-400x139.png 400w, https:\/\/holzbau-vock.de\/wp-content\/uploads\/2018\/03\/Logo_Velux-600x208.png 600w, https:\/\/holzbau-vock.de\/wp-content\/uploads\/2018\/03\/Logo_Velux-800x277.png 800w, https:\/\/holzbau-vock.de\/wp-content\/uploads\/2018\/03\/Logo_Velux-1200x416.png 1200w, https:\/\/holzbau-vock.de\/wp-content\/uploads\/2018\/03\/Logo_Velux.png 2000w\" sizes=\"(min-width: 2200px) 100vw, (min-width: 1100px) 175px, (min-width: 1008px) 210px, (min-width: 916px) 263px, (min-width: 824px) 350px, (min-width: 732px) 525px, (min-width: 640px) 732px, \" \/><\/div><\/div><\/div><div class=\"swiper-slide\"><div class=\"fusion-carousel-item-wrapper\"><div class=\"fusion-image-wrapper hover-type-none\"><img decoding=\"async\" width=\"240\" height=\"57\" src=\"https:\/\/holzbau-vock.de\/wp-content\/uploads\/2018\/03\/Logo_SCS_ohne_Anschrift_240px.png\" class=\"attachment-full size-full\" alt=\"SCS - Partner der Holzbau Vock GmbH\" srcset=\"https:\/\/holzbau-vock.de\/wp-content\/uploads\/2018\/03\/Logo_SCS_ohne_Anschrift_240px-200x48.png 200w, https:\/\/holzbau-vock.de\/wp-content\/uploads\/2018\/03\/Logo_SCS_ohne_Anschrift_240px.png 240w\" sizes=\"(min-width: 2200px) 100vw, (min-width: 1100px) 175px, (min-width: 1008px) 210px, (min-width: 916px) 263px, (min-width: 824px) 350px, (min-width: 732px) 525px, (min-width: 640px) 732px, \" \/><\/div><\/div><\/div><div class=\"swiper-slide\"><div class=\"fusion-carousel-item-wrapper\"><div class=\"fusion-image-wrapper hover-type-none\"><img decoding=\"async\" width=\"281\" height=\"125\" src=\"https:\/\/holzbau-vock.de\/wp-content\/uploads\/2018\/04\/Logo_Roto_cut.jpg\" class=\"attachment-full size-full\" alt=\"Roto - Partner der Holzbau Vock GmbH\" srcset=\"https:\/\/holzbau-vock.de\/wp-content\/uploads\/2018\/04\/Logo_Roto_cut-200x89.jpg 200w, https:\/\/holzbau-vock.de\/wp-content\/uploads\/2018\/04\/Logo_Roto_cut.jpg 281w\" sizes=\"(min-width: 2200px) 100vw, (min-width: 1100px) 175px, (min-width: 1008px) 210px, (min-width: 916px) 263px, (min-width: 824px) 350px, (min-width: 732px) 525px, (min-width: 640px) 732px, \" \/><\/div><\/div><\/div><div class=\"swiper-slide\"><div class=\"fusion-carousel-item-wrapper\"><div class=\"fusion-image-wrapper hover-type-none\"><img decoding=\"async\" width=\"239\" height=\"78\" src=\"https:\/\/holzbau-vock.de\/wp-content\/uploads\/2018\/03\/Logo_Holz_Schneider.png\" class=\"attachment-full size-full\" alt=\"best wood Schneider - Partner der Holzbau Vock GmbH\" srcset=\"https:\/\/holzbau-vock.de\/wp-content\/uploads\/2018\/03\/Logo_Holz_Schneider-200x65.png 200w, https:\/\/holzbau-vock.de\/wp-content\/uploads\/2018\/03\/Logo_Holz_Schneider.png 239w\" sizes=\"(min-width: 2200px) 100vw, (min-width: 1100px) 175px, (min-width: 1008px) 210px, (min-width: 916px) 263px, (min-width: 824px) 350px, (min-width: 732px) 525px, (min-width: 640px) 732px, \" \/><\/div><\/div><\/div><\/div><\/div><\/div><div class=\"fusion-clearfix\"><\/div><\/div><\/div><\/div><\/div><div class=\"fusion-fullwidth fullwidth-box fusion-builder-row-5 fusion-parallax-none nonhundred-percent-fullwidth non-hundred-percent-height-scrolling\" style=\"--awb-border-radius-top-left:0px;--awb-border-radius-top-right:0px;--awb-border-radius-bottom-right:0px;--awb-border-radius-bottom-left:0px;--awb-padding-top:100px;--awb-padding-bottom:90px;--awb-background-image:url(&quot;https:\/\/holzbau-vock.de\/wp-content\/uploads\/2015\/12\/home-244125289.jpg&quot;);--awb-background-size:cover;--awb-border-sizes-top:0px;--awb-border-sizes-bottom:0px;\" ><div class=\"fusion-builder-row fusion-row\"><div class=\"fusion-layout-column fusion_builder_column fusion-builder-column-6 fusion_builder_column_1_6 1_6 fusion-one-sixth fusion-column-first fusion-no-small-visibility\" style=\"--awb-bg-size:cover;width:13.3333%; margin-right: 4%;\"><div class=\"fusion-column-wrapper fusion-flex-column-wrapper-legacy\"><div class=\"fusion-sep-clear\"><\/div><div class=\"fusion-separator fusion-full-width-sep\" style=\"margin-left: auto;margin-right: auto;width:100%;\"><\/div><div class=\"fusion-sep-clear\"><\/div><div class=\"fusion-clearfix\"><\/div><\/div><\/div><div class=\"fusion-layout-column fusion_builder_column fusion-builder-column-7 fusion_builder_column_2_3 2_3 fusion-two-third\" style=\"--awb-bg-color:rgba(255,255,255,0.9);--awb-bg-size:cover;--awb-margin-top:20px;--awb-margin-bottom:20px;width:65.3333%; margin-right: 4%;\"><div class=\"fusion-column-wrapper fusion-flex-column-wrapper-legacy\"><style type='text\/css'>.reading-box-container-1 .element-bottomshadow:before,.reading-box-container-1 .element-bottomshadow:after{opacity:0.70;}<\/style><div class=\"fusion-reading-box-container reading-box-container-1\" style=\"margin-top:0px;margin-bottom:0px;\"><div class=\"reading-box reading-box-center\" style=\"background-color:#00285e;border-width:0px;border-color:#f5f5f5;border-style:solid;\"><h2><span style=\"color: #ffffff;\">Pers\u00f6nliches Angebot anfordern<\/span><\/h2><\/div><\/div><div class=\"fusion-builder-row fusion-builder-row-inner fusion-row\"><div class=\"fusion-layout-column fusion_builder_column_inner fusion-builder-nested-column-0 fusion_builder_column_inner_1_1 1_1 fusion-one-full fusion-column-first fusion-column-last\" style=\"--awb-padding-top:5%;--awb-padding-right:6%;--awb-padding-bottom:6%;--awb-padding-left:6%;--awb-bg-size:cover;--awb-margin-top:0px;--awb-margin-bottom:0px;\"><div class=\"fusion-column-wrapper fusion-flex-column-wrapper-legacy\"><div class=\"fusion-text fusion-text-4\"><p style=\"text-align: center;\">Gerne unterbreiten wir Ihnen ein individuelles Angebot. Bitte beschreiben Sie kurz Ihr Projekt und wir setzen uns schnellstm\u00f6glich mit Ihnen in Verbindung. Sie erreichen uns per <span style=\"color: #607d8b;\"><u><a style=\"color: #607d8b;\" href=\"mailto:info@holzbau-vock.de\">E-Mail<\/a><\/u><\/span> oder telefonisch unter <span style=\"color: #607d8b;\">06252 \/ 77 3 99.<\/span><\/p>\n<\/div><div class=\"fusion-clearfix\"><\/div><\/div><\/div><\/div><div class=\"fusion-clearfix\"><\/div><\/div><\/div><div class=\"fusion-layout-column fusion_builder_column fusion-builder-column-8 fusion_builder_column_1_6 1_6 fusion-one-sixth fusion-column-last fusion-no-small-visibility\" style=\"--awb-bg-size:cover;width:13.3333%;\"><div class=\"fusion-column-wrapper fusion-flex-column-wrapper-legacy\"><div class=\"fusion-sep-clear\"><\/div><div class=\"fusion-separator fusion-full-width-sep\" style=\"margin-left: auto;margin-right: auto;width:100%;\"><\/div><div class=\"fusion-sep-clear\"><\/div><div class=\"fusion-clearfix\"><\/div><\/div><\/div><\/div><\/div><\/p>\n","protected":false},"excerpt":{"rendered":"","protected":false},"author":1,"featured_media":0,"parent":0,"menu_order":0,"comment_status":"closed","ping_status":"closed","template":"100-width.php","meta":{"footnotes":""},"class_list":["post-1190","page","type-page","status-publish","hentry"],"_links":{"self":[{"href":"https:\/\/holzbau-vock.de\/index.php\/wp-json\/wp\/v2\/pages\/1190","targetHints":{"allow":["GET"]}}],"collection":[{"href":"https:\/\/holzbau-vock.de\/index.php\/wp-json\/wp\/v2\/pages"}],"about":[{"href":"https:\/\/holzbau-vock.de\/index.php\/wp-json\/wp\/v2\/types\/page"}],"author":[{"embeddable":true,"href":"https:\/\/holzbau-vock.de\/index.php\/wp-json\/wp\/v2\/users\/1"}],"replies":[{"embeddable":true,"href":"https:\/\/holzbau-vock.de\/index.php\/wp-json\/wp\/v2\/comments?post=1190"}],"version-history":[{"count":164,"href":"https:\/\/holzbau-vock.de\/index.php\/wp-json\/wp\/v2\/pages\/1190\/revisions"}],"predecessor-version":[{"id":1926,"href":"https:\/\/holzbau-vock.de\/index.php\/wp-json\/wp\/v2\/pages\/1190\/revisions\/1926"}],"wp:attachment":[{"href":"https:\/\/holzbau-vock.de\/index.php\/wp-json\/wp\/v2\/media?parent=1190"}],"curies":[{"name":"wp","href":"https:\/\/api.w.org\/{rel}","templated":true}]}}